{"id":7024,"date":"2026-04-30T09:36:18","date_gmt":"2026-04-30T09:36:18","guid":{"rendered":"https:\/\/masterfrisormobler.se\/?post_type=product&#038;p=7024"},"modified":"2026-04-30T09:36:18","modified_gmt":"2026-04-30T09:36:18","slug":"professionell-vaxvarmare-for-depilations","status":"publish","type":"product","link":"https:\/\/masterfrisormobler.se\/en\/product\/professionell-vaxvarmare-for-depilations\/","title":{"rendered":"Professionell Vaxv\u00e4rmare \u2013 F\u00f6r Depilations"},"content":{"rendered":"<p>Professionell Vaxv\u00e4rmare \u2013 F\u00f6r Depilations<br \/>\nDenna professionella vaxv\u00e4rmare \u00e4r perfekt f\u00f6r b\u00e5de salonger och hemmabruk.<br \/>\n Den \u00e4r designad f\u00f6r att sm\u00e4lta depilationsvax och paraffinvax snabbt och j\u00e4mnt,<br \/>\nvilket ger en effektiv och bekv\u00e4m h\u00e5rborttagning.<br \/>\nMaskinen h\u00e5ller en konstant temperatur och \u00e4r enkel att anv\u00e4nda tack vare sin justerbara v\u00e4rmekontroll.<br \/>\n Den robusta konstruktionen och CE-certifieringen garanterar s\u00e4ker och p\u00e5litlig anv\u00e4ndning.<br \/>\nPerfekt val f\u00f6r fris\u00f6rer, sk\u00f6nhetssalonger eller personlig v\u00e5rd hemma.<\/p>","protected":false},"excerpt":{"rendered":"<p>Professionell Vaxv\u00e4rmare \u2013 F\u00f6r Depilations<\/p>","protected":false},"featured_media":7026,"template":"","meta":{"site-sidebar-layout":"default","site-content-layout":"","ast-site-content-layout":"default","site-content-style":"default","site-sidebar-style":"default","ast-global-header-display":"","ast-banner-title-visibility":"","ast-main-header-display":"","ast-hfb-above-header-display":"","ast-hfb-below-header-display":"","ast-hfb-mobile-header-display":"","site-post-title":"","ast-breadcrumbs-content":"","ast-featured-img":"","footer-sml-layout":"","theme-transparent-header-meta":"default","adv-header-id-meta":"","stick-header-meta":"","header-above-stick-meta":"","header-main-stick-meta":"","header-below-stick-meta":"","astra-migrate-meta-layouts":"set","_joinchat":[]},"product_cat":[57,77,73],"product_tag":[],"yoast_head":"<!-- This site is optimized with the Yoast SEO plugin v21.2 - https:\/\/yoast.com\/wordpress\/plugins\/seo\/ -->\n<title>Professionell Vaxv\u00e4rmare \u2013 F\u00f6r Depilations - Nord Master Fris\u00f6r M\u00f6bler<\/title>\n<meta name=\"description\" content=\"Professionell vaxv\u00e4rmare f\u00f6r effektiv h\u00e5rborttagning. Perfekt f\u00f6r salong och hemmabruk med justerbar temperatur och snabb uppv\u00e4rmning.\" \/>\n<meta name=\"robots\" content=\"index, follow, max-snippet:-1, max-image-preview:large, max-video-preview:-1\" \/>\n<link rel=\"canonical\" href=\"https:\/\/masterfrisormobler.se\/en\/product\/professionell-vaxvarmare-for-depilations\/\" \/>\n<meta property=\"og:locale\" content=\"en_US\" \/>\n<meta property=\"og:type\" content=\"article\" \/>\n<meta property=\"og:title\" content=\"Professionell Vaxv\u00e4rmare \u2013 F\u00f6r Depilations - Nord Master Fris\u00f6r M\u00f6bler\" \/>\n<meta property=\"og:description\" content=\"Professionell vaxv\u00e4rmare f\u00f6r effektiv h\u00e5rborttagning. Perfekt f\u00f6r salong och hemmabruk med justerbar temperatur och snabb uppv\u00e4rmning.\" \/>\n<meta property=\"og:url\" content=\"https:\/\/masterfrisormobler.se\/en\/product\/professionell-vaxvarmare-for-depilations\/\" \/>\n<meta property=\"og:site_name\" content=\"Nord Master Fris\u00f6r M\u00f6bler\" \/>\n<meta property=\"article:publisher\" content=\"https:\/\/www.facebook.com\/profile.php?id=100095573704473\" \/>\n<meta property=\"og:image\" content=\"https:\/\/masterfrisormobler.se\/wp-content\/uploads\/2026\/04\/w7ie3yyZdoMealOkLZST5YE248DejnqPKbj1uHx6dF5o7UN-E3Fl22lypaKyTTYVTP0_JFaTljNBRV6qCAHzrGtnmWgWhGR0U_ZWROeyf0j8zEsQKKiXmlYX5yhemHqrDeudlmEilxrlVuhDTkW5Xfg9YX1Pittdt8x2iZTVX3o.jpeg\" \/>\n\t<meta property=\"og:image:width\" content=\"500\" \/>\n\t<meta property=\"og:image:height\" content=\"500\" \/>\n\t<meta property=\"og:image:type\" content=\"image\/jpeg\" \/>\n<meta name=\"twitter:card\" content=\"summary_large_image\" \/>\n<meta name=\"twitter:label1\" content=\"Est. reading time\" \/>\n\t<meta name=\"twitter:data1\" content=\"1 minute\" \/>\n<script type=\"application\/ld+json\" class=\"yoast-schema-graph\">{\"@context\":\"https:\/\/schema.org\",\"@graph\":[{\"@type\":\"WebPage\",\"@id\":\"https:\/\/masterfrisormobler.se\/product\/professionell-vaxvarmare-for-depilations\/\",\"url\":\"https:\/\/masterfrisormobler.se\/product\/professionell-vaxvarmare-for-depilations\/\",\"name\":\"Professionell Vaxv\u00e4rmare \u2013 F\u00f6r Depilations - Nord Master Fris\u00f6r M\u00f6bler\",\"isPartOf\":{\"@id\":\"https:\/\/masterfrisormobler.se\/#website\"},\"datePublished\":\"2026-04-30T09:36:18+00:00\",\"dateModified\":\"2026-04-30T09:36:18+00:00\",\"description\":\"Professionell vaxv\u00e4rmare f\u00f6r effektiv h\u00e5rborttagning. Perfekt f\u00f6r salong och hemmabruk med justerbar temperatur och snabb uppv\u00e4rmning.\",\"breadcrumb\":{\"@id\":\"https:\/\/masterfrisormobler.se\/product\/professionell-vaxvarmare-for-depilations\/#breadcrumb\"},\"inLanguage\":\"en-US\",\"potentialAction\":[{\"@type\":\"ReadAction\",\"target\":[\"https:\/\/masterfrisormobler.se\/product\/professionell-vaxvarmare-for-depilations\/\"]}]},{\"@type\":\"BreadcrumbList\",\"@id\":\"https:\/\/masterfrisormobler.se\/product\/professionell-vaxvarmare-for-depilations\/#breadcrumb\",\"itemListElement\":[{\"@type\":\"ListItem\",\"position\":1,\"name\":\"Home\",\"item\":\"https:\/\/masterfrisormobler.se\/\"},{\"@type\":\"ListItem\",\"position\":2,\"name\":\"Store\",\"item\":\"https:\/\/masterfrisormobler.se\/store-master-frisor-mobler\/\"},{\"@type\":\"ListItem\",\"position\":3,\"name\":\"Professionell Vaxv\u00e4rmare \u2013 F\u00f6r Depilations\"}]},{\"@type\":\"WebSite\",\"@id\":\"https:\/\/masterfrisormobler.se\/#website\",\"url\":\"https:\/\/masterfrisormobler.se\/\",\"name\":\"https:\/\/masterfrisormobler.se\/\",\"description\":\"Den b\u00e4sta butiken f\u00f6r att s\u00e4lja Fris\u00f6rm\u00f6bler och produkter.\",\"publisher\":{\"@id\":\"https:\/\/masterfrisormobler.se\/#organization\"},\"potentialAction\":[{\"@type\":\"SearchAction\",\"target\":{\"@type\":\"EntryPoint\",\"urlTemplate\":\"https:\/\/masterfrisormobler.se\/?s={search_term_string}\"},\"query-input\":\"required name=search_term_string\"}],\"inLanguage\":\"en-US\"},{\"@type\":\"Organization\",\"@id\":\"https:\/\/masterfrisormobler.se\/#organization\",\"name\":\"Nord master fris\u00f6r mobler\",\"url\":\"https:\/\/masterfrisormobler.se\/\",\"logo\":{\"@type\":\"ImageObject\",\"inLanguage\":\"en-US\",\"@id\":\"https:\/\/masterfrisormobler.se\/#\/schema\/logo\/image\/\",\"url\":\"https:\/\/masterfrisormobler.se\/wp-content\/uploads\/2023\/08\/cropped-512x512-sara.jpeg\",\"contentUrl\":\"https:\/\/masterfrisormobler.se\/wp-content\/uploads\/2023\/08\/cropped-512x512-sara.jpeg\",\"width\":512,\"height\":512,\"caption\":\"Nord master fris\u00f6r mobler\"},\"image\":{\"@id\":\"https:\/\/masterfrisormobler.se\/#\/schema\/logo\/image\/\"},\"sameAs\":[\"https:\/\/www.facebook.com\/profile.php?id=100095573704473\",\"https:\/\/www.tiktok.com\/@master.frisr.mble\",\"https:\/\/www.instagram.com\/masterfrisormobler\/\"]}]}<\/script>\n<!-- \/ Yoast SEO plugin. -->","yoast_head_json":{"title":"Professionell Vaxv\u00e4rmare \u2013 F\u00f6r Depilations - Nord Master Fris\u00f6r M\u00f6bler","description":"Professionell vaxv\u00e4rmare f\u00f6r effektiv h\u00e5rborttagning. Perfekt f\u00f6r salong och hemmabruk med justerbar temperatur och snabb uppv\u00e4rmning.","robots":{"index":"index","follow":"follow","max-snippet":"max-snippet:-1","max-image-preview":"max-image-preview:large","max-video-preview":"max-video-preview:-1"},"canonical":"https:\/\/masterfrisormobler.se\/en\/product\/professionell-vaxvarmare-for-depilations\/","og_locale":"en_US","og_type":"article","og_title":"Professionell Vaxv\u00e4rmare \u2013 F\u00f6r Depilations - Nord Master Fris\u00f6r M\u00f6bler","og_description":"Professionell vaxv\u00e4rmare f\u00f6r effektiv h\u00e5rborttagning. Perfekt f\u00f6r salong och hemmabruk med justerbar temperatur och snabb uppv\u00e4rmning.","og_url":"https:\/\/masterfrisormobler.se\/en\/product\/professionell-vaxvarmare-for-depilations\/","og_site_name":"Nord Master Fris\u00f6r M\u00f6bler","article_publisher":"https:\/\/www.facebook.com\/profile.php?id=100095573704473","og_image":[{"width":500,"height":500,"url":"https:\/\/masterfrisormobler.se\/wp-content\/uploads\/2026\/04\/w7ie3yyZdoMealOkLZST5YE248DejnqPKbj1uHx6dF5o7UN-E3Fl22lypaKyTTYVTP0_JFaTljNBRV6qCAHzrGtnmWgWhGR0U_ZWROeyf0j8zEsQKKiXmlYX5yhemHqrDeudlmEilxrlVuhDTkW5Xfg9YX1Pittdt8x2iZTVX3o.jpeg","type":"image\/jpeg"}],"twitter_card":"summary_large_image","twitter_misc":{"Est. reading time":"1 minute"},"schema":{"@context":"https:\/\/schema.org","@graph":[{"@type":"WebPage","@id":"https:\/\/masterfrisormobler.se\/product\/professionell-vaxvarmare-for-depilations\/","url":"https:\/\/masterfrisormobler.se\/product\/professionell-vaxvarmare-for-depilations\/","name":"Professionell Vaxv\u00e4rmare \u2013 F\u00f6r Depilations - Nord Master Fris\u00f6r M\u00f6bler","isPartOf":{"@id":"https:\/\/masterfrisormobler.se\/#website"},"datePublished":"2026-04-30T09:36:18+00:00","dateModified":"2026-04-30T09:36:18+00:00","description":"Professionell vaxv\u00e4rmare f\u00f6r effektiv h\u00e5rborttagning. Perfekt f\u00f6r salong och hemmabruk med justerbar temperatur och snabb uppv\u00e4rmning.","breadcrumb":{"@id":"https:\/\/masterfrisormobler.se\/product\/professionell-vaxvarmare-for-depilations\/#breadcrumb"},"inLanguage":"en-US","potentialAction":[{"@type":"ReadAction","target":["https:\/\/masterfrisormobler.se\/product\/professionell-vaxvarmare-for-depilations\/"]}]},{"@type":"BreadcrumbList","@id":"https:\/\/masterfrisormobler.se\/product\/professionell-vaxvarmare-for-depilations\/#breadcrumb","itemListElement":[{"@type":"ListItem","position":1,"name":"Home","item":"https:\/\/masterfrisormobler.se\/"},{"@type":"ListItem","position":2,"name":"Store","item":"https:\/\/masterfrisormobler.se\/store-master-frisor-mobler\/"},{"@type":"ListItem","position":3,"name":"Professionell Vaxv\u00e4rmare \u2013 F\u00f6r Depilations"}]},{"@type":"WebSite","@id":"https:\/\/masterfrisormobler.se\/#website","url":"https:\/\/masterfrisormobler.se\/","name":"https:\/\/masterfrisormobler.se\/","description":"Den b\u00e4sta butiken f\u00f6r att s\u00e4lja Fris\u00f6rm\u00f6bler och produkter.","publisher":{"@id":"https:\/\/masterfrisormobler.se\/#organization"},"potentialAction":[{"@type":"SearchAction","target":{"@type":"EntryPoint","urlTemplate":"https:\/\/masterfrisormobler.se\/?s={search_term_string}"},"query-input":"required name=search_term_string"}],"inLanguage":"en-US"},{"@type":"Organization","@id":"https:\/\/masterfrisormobler.se\/#organization","name":"Nord master fris\u00f6r mobler","url":"https:\/\/masterfrisormobler.se\/","logo":{"@type":"ImageObject","inLanguage":"en-US","@id":"https:\/\/masterfrisormobler.se\/#\/schema\/logo\/image\/","url":"https:\/\/masterfrisormobler.se\/wp-content\/uploads\/2023\/08\/cropped-512x512-sara.jpeg","contentUrl":"https:\/\/masterfrisormobler.se\/wp-content\/uploads\/2023\/08\/cropped-512x512-sara.jpeg","width":512,"height":512,"caption":"Nord master fris\u00f6r mobler"},"image":{"@id":"https:\/\/masterfrisormobler.se\/#\/schema\/logo\/image\/"},"sameAs":["https:\/\/www.facebook.com\/profile.php?id=100095573704473","https:\/\/www.tiktok.com\/@master.frisr.mble","https:\/\/www.instagram.com\/masterfrisormobler\/"]}]}},"_links":{"self":[{"href":"https:\/\/masterfrisormobler.se\/en\/wp-json\/wp\/v2\/product\/7024"}],"collection":[{"href":"https:\/\/masterfrisormobler.se\/en\/wp-json\/wp\/v2\/product"}],"about":[{"href":"https:\/\/masterfrisormobler.se\/en\/wp-json\/wp\/v2\/types\/product"}],"version-history":[{"count":2,"href":"https:\/\/masterfrisormobler.se\/en\/wp-json\/wp\/v2\/product\/7024\/revisions"}],"predecessor-version":[{"id":7028,"href":"https:\/\/masterfrisormobler.se\/en\/wp-json\/wp\/v2\/product\/7024\/revisions\/7028"}],"wp:featuredmedia":[{"embeddable":true,"href":"https:\/\/masterfrisormobler.se\/en\/wp-json\/wp\/v2\/media\/7026"}],"wp:attachment":[{"href":"https:\/\/masterfrisormobler.se\/en\/wp-json\/wp\/v2\/media?parent=7024"}],"wp:term":[{"taxonomy":"product_cat","embeddable":true,"href":"https:\/\/masterfrisormobler.se\/en\/wp-json\/wp\/v2\/product_cat?post=7024"},{"taxonomy":"product_tag","embeddable":true,"href":"https:\/\/masterfrisormobler.se\/en\/wp-json\/wp\/v2\/product_tag?post=7024"}],"curies":[{"name":"wp","href":"https:\/\/api.w.org\/{rel}","templated":true}]}}