{"id":6914,"date":"2025-10-17T14:09:09","date_gmt":"2025-10-17T14:09:09","guid":{"rendered":"https:\/\/masterfrisormobler.se\/?post_type=product&#038;p=6914"},"modified":"2025-10-17T14:09:09","modified_gmt":"2025-10-17T14:09:09","slug":"uv-sterilizer-germix-ym-900-black","status":"publish","type":"product","link":"https:\/\/masterfrisormobler.se\/en\/product\/uv-sterilizer-germix-ym-900-black\/","title":{"rendered":"UV sterilizer Germix YM-900 black"},"content":{"rendered":"<h1 class=\"title page-title\">UV sterilizer Germix YM-900 black<\/h1>\n<p>En modern ultraviolett sterilisator \u00e4r utformad f\u00f6r bakteried\u00f6dande verkan p\u00e5 ytan av verktyg som anv\u00e4nds av nagelterapeuter, fris\u00f6rer och kosmetologer.<\/p>\n<p>Oumb\u00e4rlig f\u00f6r korrekt f\u00f6rvaring av v\u00e4rmebehandlade verktyg. Det \u00e4r en speciell beh\u00e5llare i en sektion med ett skyddande lock. Den har tv\u00e5 pallar &#8211; station\u00e4r och avtagbar.<\/p>\n<p>L\u00e4mplig f\u00f6r ultraviolett sterilisering av produkter tillverkade av olika material: metall, plast, tr\u00e4 och s\u00e5 vidare. Apparatens design ger tillf\u00f6rlitligt skydd mot UV-str\u00e5lning och g\u00f6r den helt s\u00e4ker f\u00f6r personal och kunder p\u00e5 salonger, fris\u00f6rer, sk\u00f6nhetssalonger etc.<\/p>\n<p>En professionell sterilisator \u00e4r ett idealiskt verktyg f\u00f6r att h\u00e5lla fris\u00f6rens arbetsverktyg rena och uppfyller fullt ansvarsfulla hygienstandarder. Bekv\u00e4m design, \u00f6verensst\u00e4mmelse med s\u00e4kerhetsstandarder, mobilitet och anv\u00e4ndarv\u00e4nlighet g\u00f6r att apparaten alltid ligger i framkant hos en sk\u00f6nhetssalong eller fris\u00f6r.<\/p>\n<p>Apparaten kan anv\u00e4ndas b\u00e5de p\u00e5 fris\u00f6rens arbetsplats och i kosmetiska manikyr- eller pedikyrrum f\u00f6r sterilisering av verktyg som anv\u00e4nds i arbetet (borstar, kammar, borstar, saxar, papiljotter, spolar etc.) och tillbeh\u00f6r tillverkade av metall, plast, tr\u00e4 och kombinerade material utan begr\u00e4nsningar.<\/p>\n<p>Apparatens funktionsprincip \u00e4r baserad p\u00e5 den bakteried\u00f6dande effekten av bestr\u00e5lning av ultraviolett ljus, vilket l\u00e4nge har varit k\u00e4nt som en bra sterilisator. Att arbeta med sterilisatorn \u00e4r s\u00e4kert f\u00f6r anv\u00e4ndarens h\u00e4lsa tack vare att UV-lampan inte ozoniserar, och produktens originella design ger fullst\u00e4ndigt skydd mot ultraviolett exponering av personal utan att st\u00e4nga av den.<\/p>\n<p>Tekniska egenskaper:<\/p>\n<p>Sp\u00e4nning: 200-240 V<br \/>\nEffekt: 15 W<br \/>\nFrekvens: 50 Hz<br \/>\nLampeffekt: 8 W<br \/>\nM\u00e5tt: l\u00e4ngd 400 mm, bredd 240 mm, h\u00f6jd 200 mm<br \/>\nVikt: 3 kg<br \/>\nF\u00e4rg: svart<\/p>","protected":false},"excerpt":{"rendered":"<h6 class=\"title page-title\">UV sterilizer Germix YM-900 black<\/h6>","protected":false},"featured_media":6915,"template":"","meta":{"site-sidebar-layout":"default","site-content-layout":"","ast-site-content-layout":"default","site-content-style":"default","site-sidebar-style":"default","ast-global-header-display":"","ast-banner-title-visibility":"","ast-main-header-display":"","ast-hfb-above-header-display":"","ast-hfb-below-header-display":"","ast-hfb-mobile-header-display":"","site-post-title":"","ast-breadcrumbs-content":"","ast-featured-img":"","footer-sml-layout":"","theme-transparent-header-meta":"default","adv-header-id-meta":"","stick-header-meta":"","header-above-stick-meta":"","header-main-stick-meta":"","header-below-stick-meta":"","astra-migrate-meta-layouts":"set","_joinchat":[]},"product_cat":[57,77,73],"product_tag":[],"yoast_head":"<!-- This site is optimized with the Yoast SEO plugin v21.2 - https:\/\/yoast.com\/wordpress\/plugins\/seo\/ -->\n<title>UV sterilizer Germix YM-900 black - Nord Master Fris\u00f6r M\u00f6bler<\/title>\n<meta name=\"description\" content=\"UV sterilizer Germix YM-900 black\" \/>\n<meta name=\"robots\" content=\"index, follow, max-snippet:-1, max-image-preview:large, max-video-preview:-1\" \/>\n<link rel=\"canonical\" href=\"https:\/\/masterfrisormobler.se\/en\/product\/uv-sterilizer-germix-ym-900-black\/\" \/>\n<meta property=\"og:locale\" content=\"en_US\" \/>\n<meta property=\"og:type\" content=\"article\" \/>\n<meta property=\"og:title\" content=\"UV sterilizer Germix YM-900 black - Nord Master Fris\u00f6r M\u00f6bler\" \/>\n<meta property=\"og:description\" content=\"UV sterilizer Germix YM-900 black\" \/>\n<meta property=\"og:url\" content=\"https:\/\/masterfrisormobler.se\/en\/product\/uv-sterilizer-germix-ym-900-black\/\" \/>\n<meta property=\"og:site_name\" content=\"Nord Master Fris\u00f6r M\u00f6bler\" \/>\n<meta property=\"article:publisher\" content=\"https:\/\/www.facebook.com\/profile.php?id=100095573704473\" \/>\n<meta property=\"og:image\" content=\"https:\/\/masterfrisormobler.se\/wp-content\/uploads\/2025\/10\/sterilizator_ultrafioletovyy_germix_ym_900_chernyy_dlya_manikyurnogo_instrumenta_parikmaherskogo_v_salon_krasoty_134-800x800w.png\" \/>\n\t<meta property=\"og:image:width\" content=\"800\" \/>\n\t<meta property=\"og:image:height\" content=\"800\" \/>\n\t<meta property=\"og:image:type\" content=\"image\/png\" \/>\n<meta name=\"twitter:card\" content=\"summary_large_image\" \/>\n<meta name=\"twitter:label1\" content=\"Est. reading time\" \/>\n\t<meta name=\"twitter:data1\" content=\"2 minutes\" \/>\n<script type=\"application\/ld+json\" class=\"yoast-schema-graph\">{\"@context\":\"https:\/\/schema.org\",\"@graph\":[{\"@type\":\"WebPage\",\"@id\":\"https:\/\/masterfrisormobler.se\/product\/uv-sterilizer-germix-ym-900-black\/\",\"url\":\"https:\/\/masterfrisormobler.se\/product\/uv-sterilizer-germix-ym-900-black\/\",\"name\":\"UV sterilizer Germix YM-900 black - Nord Master Fris\u00f6r M\u00f6bler\",\"isPartOf\":{\"@id\":\"https:\/\/masterfrisormobler.se\/#website\"},\"datePublished\":\"2025-10-17T14:09:09+00:00\",\"dateModified\":\"2025-10-17T14:09:09+00:00\",\"description\":\"UV sterilizer Germix YM-900 black\",\"breadcrumb\":{\"@id\":\"https:\/\/masterfrisormobler.se\/product\/uv-sterilizer-germix-ym-900-black\/#breadcrumb\"},\"inLanguage\":\"en-US\",\"potentialAction\":[{\"@type\":\"ReadAction\",\"target\":[\"https:\/\/masterfrisormobler.se\/product\/uv-sterilizer-germix-ym-900-black\/\"]}]},{\"@type\":\"BreadcrumbList\",\"@id\":\"https:\/\/masterfrisormobler.se\/product\/uv-sterilizer-germix-ym-900-black\/#breadcrumb\",\"itemListElement\":[{\"@type\":\"ListItem\",\"position\":1,\"name\":\"Home\",\"item\":\"https:\/\/masterfrisormobler.se\/\"},{\"@type\":\"ListItem\",\"position\":2,\"name\":\"Store\",\"item\":\"https:\/\/masterfrisormobler.se\/store-master-frisor-mobler\/\"},{\"@type\":\"ListItem\",\"position\":3,\"name\":\"UV sterilizer Germix YM-900 black\"}]},{\"@type\":\"WebSite\",\"@id\":\"https:\/\/masterfrisormobler.se\/#website\",\"url\":\"https:\/\/masterfrisormobler.se\/\",\"name\":\"https:\/\/masterfrisormobler.se\/\",\"description\":\"Den b\u00e4sta butiken f\u00f6r att s\u00e4lja Fris\u00f6rm\u00f6bler och produkter.\",\"publisher\":{\"@id\":\"https:\/\/masterfrisormobler.se\/#organization\"},\"potentialAction\":[{\"@type\":\"SearchAction\",\"target\":{\"@type\":\"EntryPoint\",\"urlTemplate\":\"https:\/\/masterfrisormobler.se\/?s={search_term_string}\"},\"query-input\":\"required name=search_term_string\"}],\"inLanguage\":\"en-US\"},{\"@type\":\"Organization\",\"@id\":\"https:\/\/masterfrisormobler.se\/#organization\",\"name\":\"Nord master fris\u00f6r mobler\",\"url\":\"https:\/\/masterfrisormobler.se\/\",\"logo\":{\"@type\":\"ImageObject\",\"inLanguage\":\"en-US\",\"@id\":\"https:\/\/masterfrisormobler.se\/#\/schema\/logo\/image\/\",\"url\":\"https:\/\/masterfrisormobler.se\/wp-content\/uploads\/2023\/08\/cropped-512x512-sara.jpeg\",\"contentUrl\":\"https:\/\/masterfrisormobler.se\/wp-content\/uploads\/2023\/08\/cropped-512x512-sara.jpeg\",\"width\":512,\"height\":512,\"caption\":\"Nord master fris\u00f6r mobler\"},\"image\":{\"@id\":\"https:\/\/masterfrisormobler.se\/#\/schema\/logo\/image\/\"},\"sameAs\":[\"https:\/\/www.facebook.com\/profile.php?id=100095573704473\",\"https:\/\/www.tiktok.com\/@master.frisr.mble\",\"https:\/\/www.instagram.com\/masterfrisormobler\/\"]}]}<\/script>\n<!-- \/ Yoast SEO plugin. -->","yoast_head_json":{"title":"UV sterilizer Germix YM-900 black - Nord Master Fris\u00f6r M\u00f6bler","description":"UV sterilizer Germix YM-900 black","robots":{"index":"index","follow":"follow","max-snippet":"max-snippet:-1","max-image-preview":"max-image-preview:large","max-video-preview":"max-video-preview:-1"},"canonical":"https:\/\/masterfrisormobler.se\/en\/product\/uv-sterilizer-germix-ym-900-black\/","og_locale":"en_US","og_type":"article","og_title":"UV sterilizer Germix YM-900 black - Nord Master Fris\u00f6r M\u00f6bler","og_description":"UV sterilizer Germix YM-900 black","og_url":"https:\/\/masterfrisormobler.se\/en\/product\/uv-sterilizer-germix-ym-900-black\/","og_site_name":"Nord Master Fris\u00f6r M\u00f6bler","article_publisher":"https:\/\/www.facebook.com\/profile.php?id=100095573704473","og_image":[{"width":800,"height":800,"url":"https:\/\/masterfrisormobler.se\/wp-content\/uploads\/2025\/10\/sterilizator_ultrafioletovyy_germix_ym_900_chernyy_dlya_manikyurnogo_instrumenta_parikmaherskogo_v_salon_krasoty_134-800x800w.png","type":"image\/png"}],"twitter_card":"summary_large_image","twitter_misc":{"Est. reading time":"2 minutes"},"schema":{"@context":"https:\/\/schema.org","@graph":[{"@type":"WebPage","@id":"https:\/\/masterfrisormobler.se\/product\/uv-sterilizer-germix-ym-900-black\/","url":"https:\/\/masterfrisormobler.se\/product\/uv-sterilizer-germix-ym-900-black\/","name":"UV sterilizer Germix YM-900 black - Nord Master Fris\u00f6r M\u00f6bler","isPartOf":{"@id":"https:\/\/masterfrisormobler.se\/#website"},"datePublished":"2025-10-17T14:09:09+00:00","dateModified":"2025-10-17T14:09:09+00:00","description":"UV sterilizer Germix YM-900 black","breadcrumb":{"@id":"https:\/\/masterfrisormobler.se\/product\/uv-sterilizer-germix-ym-900-black\/#breadcrumb"},"inLanguage":"en-US","potentialAction":[{"@type":"ReadAction","target":["https:\/\/masterfrisormobler.se\/product\/uv-sterilizer-germix-ym-900-black\/"]}]},{"@type":"BreadcrumbList","@id":"https:\/\/masterfrisormobler.se\/product\/uv-sterilizer-germix-ym-900-black\/#breadcrumb","itemListElement":[{"@type":"ListItem","position":1,"name":"Home","item":"https:\/\/masterfrisormobler.se\/"},{"@type":"ListItem","position":2,"name":"Store","item":"https:\/\/masterfrisormobler.se\/store-master-frisor-mobler\/"},{"@type":"ListItem","position":3,"name":"UV sterilizer Germix YM-900 black"}]},{"@type":"WebSite","@id":"https:\/\/masterfrisormobler.se\/#website","url":"https:\/\/masterfrisormobler.se\/","name":"https:\/\/masterfrisormobler.se\/","description":"Den b\u00e4sta butiken f\u00f6r att s\u00e4lja Fris\u00f6rm\u00f6bler och produkter.","publisher":{"@id":"https:\/\/masterfrisormobler.se\/#organization"},"potentialAction":[{"@type":"SearchAction","target":{"@type":"EntryPoint","urlTemplate":"https:\/\/masterfrisormobler.se\/?s={search_term_string}"},"query-input":"required name=search_term_string"}],"inLanguage":"en-US"},{"@type":"Organization","@id":"https:\/\/masterfrisormobler.se\/#organization","name":"Nord master fris\u00f6r mobler","url":"https:\/\/masterfrisormobler.se\/","logo":{"@type":"ImageObject","inLanguage":"en-US","@id":"https:\/\/masterfrisormobler.se\/#\/schema\/logo\/image\/","url":"https:\/\/masterfrisormobler.se\/wp-content\/uploads\/2023\/08\/cropped-512x512-sara.jpeg","contentUrl":"https:\/\/masterfrisormobler.se\/wp-content\/uploads\/2023\/08\/cropped-512x512-sara.jpeg","width":512,"height":512,"caption":"Nord master fris\u00f6r mobler"},"image":{"@id":"https:\/\/masterfrisormobler.se\/#\/schema\/logo\/image\/"},"sameAs":["https:\/\/www.facebook.com\/profile.php?id=100095573704473","https:\/\/www.tiktok.com\/@master.frisr.mble","https:\/\/www.instagram.com\/masterfrisormobler\/"]}]}},"_links":{"self":[{"href":"https:\/\/masterfrisormobler.se\/en\/wp-json\/wp\/v2\/product\/6914"}],"collection":[{"href":"https:\/\/masterfrisormobler.se\/en\/wp-json\/wp\/v2\/product"}],"about":[{"href":"https:\/\/masterfrisormobler.se\/en\/wp-json\/wp\/v2\/types\/product"}],"version-history":[{"count":3,"href":"https:\/\/masterfrisormobler.se\/en\/wp-json\/wp\/v2\/product\/6914\/revisions"}],"predecessor-version":[{"id":6920,"href":"https:\/\/masterfrisormobler.se\/en\/wp-json\/wp\/v2\/product\/6914\/revisions\/6920"}],"wp:featuredmedia":[{"embeddable":true,"href":"https:\/\/masterfrisormobler.se\/en\/wp-json\/wp\/v2\/media\/6915"}],"wp:attachment":[{"href":"https:\/\/masterfrisormobler.se\/en\/wp-json\/wp\/v2\/media?parent=6914"}],"wp:term":[{"taxonomy":"product_cat","embeddable":true,"href":"https:\/\/masterfrisormobler.se\/en\/wp-json\/wp\/v2\/product_cat?post=6914"},{"taxonomy":"product_tag","embeddable":true,"href":"https:\/\/masterfrisormobler.se\/en\/wp-json\/wp\/v2\/product_tag?post=6914"}],"curies":[{"name":"wp","href":"https:\/\/api.w.org\/{rel}","templated":true}]}}