{"id":6782,"date":"2025-10-10T10:18:19","date_gmt":"2025-10-10T10:18:19","guid":{"rendered":"https:\/\/masterfrisormobler.se\/?post_type=product&#038;p=6782"},"modified":"2025-10-10T10:18:19","modified_gmt":"2025-10-10T10:18:19","slug":"detreu-headline-vector-motor-double-foil-shaver","status":"publish","type":"product","link":"https:\/\/masterfrisormobler.se\/en\/product\/detreu-headline-vector-motor-double-foil-shaver\/","title":{"rendered":"Detreu Headline Vector-Motor Double Foil Shaver"},"content":{"rendered":"<h1 class=\"product-detail-name\">Detreu Headline Vector-Motor Double Foil Shaver<\/h1>\n<h3><span class=\"s1\">Produktbeskrivning<\/span><\/h3>\n<p class=\"p3\"><span class=\"s2\">Detreu Headline\u00a0 Vector- Motor Double Foil Shaver \u00e4r en h\u00f6gpresterande rakapparat som \u00e4r speciellt utvecklad f\u00f6r precisa och noggranna resultat. Med sin dubbla folie\u00adteknologi ger denna rakapparat en j\u00e4mn och sl\u00e4t rakning \u00e4ven vid kraftig sk\u00e4ggv\u00e4xt. Den kraftfulla Vector- motorn garanterar en snabb och effektiv rakning utan att irritera huden.<\/span><\/p>\n<p class=\"p3\"><span class=\"s2\">Den ergonomiska designen g\u00f6r rakapparaten enkel att hantera och ger full kontroll f\u00f6r exakt arbete. Tack vare den kompakta konstruktionen och den tr\u00e5dl\u00f6sa funktionen passar den b\u00e5de f\u00f6r professionellt bruk i salong och f\u00f6r daglig anv\u00e4ndning hemma. De slitstarka folierna och den robusta konstruktionen g\u00f6r Headline Vector-Motor Double Foil Shaver till ett p\u00e5litligt verktyg f\u00f6r alla anv\u00e4ndare.<\/span><\/p>\n<p class=\"p3\"><span class=\"s2\">Med l\u00e5ng batteritid och m\u00f6jlighet till snabb uppladdning erbjuder denna rakapparat flexibilitet och komfort. Oavsett om det g\u00e4ller perfekta fades, nackrakning eller skarpa linjer levererar Detreu Headline Vector-Motor Double Foil Shaver alltid professionella resultat.<\/span><\/p>","protected":false},"excerpt":{"rendered":"<h6 class=\"product-detail-name\">Detreu Headline Vector-Motor Double Foil Shaver<\/h6>\n<p class=\"p1\"><span class=\"s1\">Precisionsrakapparat med h\u00f6g prestanda och dubbel folieteknik f\u00f6r en sl\u00e4t, noggrann och hudv\u00e4nlig rakning.\u201d<\/span><\/p>","protected":false},"featured_media":6779,"template":"","meta":{"site-sidebar-layout":"default","site-content-layout":"","ast-site-content-layout":"default","site-content-style":"default","site-sidebar-style":"default","ast-global-header-display":"","ast-banner-title-visibility":"","ast-main-header-display":"","ast-hfb-above-header-display":"","ast-hfb-below-header-display":"","ast-hfb-mobile-header-display":"","site-post-title":"","ast-breadcrumbs-content":"","ast-featured-img":"","footer-sml-layout":"","theme-transparent-header-meta":"default","adv-header-id-meta":"","stick-header-meta":"","header-above-stick-meta":"","header-main-stick-meta":"","header-below-stick-meta":"","astra-migrate-meta-layouts":"set","_joinchat":[]},"product_cat":[57,77,75],"product_tag":[],"yoast_head":"<!-- This site is optimized with the Yoast SEO plugin v21.2 - https:\/\/yoast.com\/wordpress\/plugins\/seo\/ -->\n<title>Detreu Headline Vector-Motor Double Foil Shaver - Nord Master Fris\u00f6r M\u00f6bler<\/title>\n<meta name=\"description\" content=\"Detreu Headline Vector-Motor Double Foil Shaver, Precisionsrakapparat med h\u00f6g prestanda och dubbel folieteknik f\u00f6r en sl\u00e4t, noggrann och hudv\u00e4nlig rakning.\u201d\" \/>\n<meta name=\"robots\" content=\"index, follow, max-snippet:-1, max-image-preview:large, max-video-preview:-1\" \/>\n<link rel=\"canonical\" href=\"https:\/\/masterfrisormobler.se\/en\/product\/detreu-headline-vector-motor-double-foil-shaver\/\" \/>\n<meta property=\"og:locale\" content=\"en_US\" \/>\n<meta property=\"og:type\" content=\"article\" \/>\n<meta property=\"og:title\" content=\"Detreu Headline Vector-Motor Double Foil Shaver - Nord Master Fris\u00f6r M\u00f6bler\" \/>\n<meta property=\"og:description\" content=\"Detreu Headline Vector-Motor Double Foil Shaver, Precisionsrakapparat med h\u00f6g prestanda och dubbel folieteknik f\u00f6r en sl\u00e4t, noggrann och hudv\u00e4nlig rakning.\u201d\" \/>\n<meta property=\"og:url\" content=\"https:\/\/masterfrisormobler.se\/en\/product\/detreu-headline-vector-motor-double-foil-shaver\/\" \/>\n<meta property=\"og:site_name\" content=\"Nord Master Fris\u00f6r M\u00f6bler\" \/>\n<meta property=\"article:publisher\" content=\"https:\/\/www.facebook.com\/profile.php?id=100095573704473\" \/>\n<meta property=\"og:image\" content=\"https:\/\/masterfrisormobler.se\/wp-content\/uploads\/2025\/05\/9300.webp\" \/>\n\t<meta property=\"og:image:width\" content=\"2000\" \/>\n\t<meta property=\"og:image:height\" content=\"2000\" \/>\n\t<meta property=\"og:image:type\" content=\"image\/webp\" \/>\n<meta name=\"twitter:card\" content=\"summary_large_image\" \/>\n<meta name=\"twitter:label1\" content=\"Est. reading time\" \/>\n\t<meta name=\"twitter:data1\" content=\"1 minute\" \/>\n<script type=\"application\/ld+json\" class=\"yoast-schema-graph\">{\"@context\":\"https:\/\/schema.org\",\"@graph\":[{\"@type\":\"WebPage\",\"@id\":\"https:\/\/masterfrisormobler.se\/product\/detreu-headline-vector-motor-double-foil-shaver\/\",\"url\":\"https:\/\/masterfrisormobler.se\/product\/detreu-headline-vector-motor-double-foil-shaver\/\",\"name\":\"Detreu Headline Vector-Motor Double Foil Shaver - Nord Master Fris\u00f6r M\u00f6bler\",\"isPartOf\":{\"@id\":\"https:\/\/masterfrisormobler.se\/#website\"},\"datePublished\":\"2025-10-10T10:18:19+00:00\",\"dateModified\":\"2025-10-10T10:18:19+00:00\",\"description\":\"Detreu Headline Vector-Motor Double Foil Shaver, Precisionsrakapparat med h\u00f6g prestanda och dubbel folieteknik f\u00f6r en sl\u00e4t, noggrann och hudv\u00e4nlig rakning.\u201d\",\"breadcrumb\":{\"@id\":\"https:\/\/masterfrisormobler.se\/product\/detreu-headline-vector-motor-double-foil-shaver\/#breadcrumb\"},\"inLanguage\":\"en-US\",\"potentialAction\":[{\"@type\":\"ReadAction\",\"target\":[\"https:\/\/masterfrisormobler.se\/product\/detreu-headline-vector-motor-double-foil-shaver\/\"]}]},{\"@type\":\"BreadcrumbList\",\"@id\":\"https:\/\/masterfrisormobler.se\/product\/detreu-headline-vector-motor-double-foil-shaver\/#breadcrumb\",\"itemListElement\":[{\"@type\":\"ListItem\",\"position\":1,\"name\":\"Home\",\"item\":\"https:\/\/masterfrisormobler.se\/\"},{\"@type\":\"ListItem\",\"position\":2,\"name\":\"Store\",\"item\":\"https:\/\/masterfrisormobler.se\/store-master-frisor-mobler\/\"},{\"@type\":\"ListItem\",\"position\":3,\"name\":\"Detreu Headline Vector-Motor Double Foil Shaver\"}]},{\"@type\":\"WebSite\",\"@id\":\"https:\/\/masterfrisormobler.se\/#website\",\"url\":\"https:\/\/masterfrisormobler.se\/\",\"name\":\"https:\/\/masterfrisormobler.se\/\",\"description\":\"Den b\u00e4sta butiken f\u00f6r att s\u00e4lja Fris\u00f6rm\u00f6bler och produkter.\",\"publisher\":{\"@id\":\"https:\/\/masterfrisormobler.se\/#organization\"},\"potentialAction\":[{\"@type\":\"SearchAction\",\"target\":{\"@type\":\"EntryPoint\",\"urlTemplate\":\"https:\/\/masterfrisormobler.se\/?s={search_term_string}\"},\"query-input\":\"required name=search_term_string\"}],\"inLanguage\":\"en-US\"},{\"@type\":\"Organization\",\"@id\":\"https:\/\/masterfrisormobler.se\/#organization\",\"name\":\"Nord master fris\u00f6r mobler\",\"url\":\"https:\/\/masterfrisormobler.se\/\",\"logo\":{\"@type\":\"ImageObject\",\"inLanguage\":\"en-US\",\"@id\":\"https:\/\/masterfrisormobler.se\/#\/schema\/logo\/image\/\",\"url\":\"https:\/\/masterfrisormobler.se\/wp-content\/uploads\/2023\/08\/cropped-512x512-sara.jpeg\",\"contentUrl\":\"https:\/\/masterfrisormobler.se\/wp-content\/uploads\/2023\/08\/cropped-512x512-sara.jpeg\",\"width\":512,\"height\":512,\"caption\":\"Nord master fris\u00f6r mobler\"},\"image\":{\"@id\":\"https:\/\/masterfrisormobler.se\/#\/schema\/logo\/image\/\"},\"sameAs\":[\"https:\/\/www.facebook.com\/profile.php?id=100095573704473\",\"https:\/\/www.tiktok.com\/@master.frisr.mble\",\"https:\/\/www.instagram.com\/masterfrisormobler\/\"]}]}<\/script>\n<!-- \/ Yoast SEO plugin. -->","yoast_head_json":{"title":"Detreu Headline Vector-Motor Double Foil Shaver - Nord Master Fris\u00f6r M\u00f6bler","description":"Detreu Headline Vector-Motor Double Foil Shaver, Precisionsrakapparat med h\u00f6g prestanda och dubbel folieteknik f\u00f6r en sl\u00e4t, noggrann och hudv\u00e4nlig rakning.\u201d","robots":{"index":"index","follow":"follow","max-snippet":"max-snippet:-1","max-image-preview":"max-image-preview:large","max-video-preview":"max-video-preview:-1"},"canonical":"https:\/\/masterfrisormobler.se\/en\/product\/detreu-headline-vector-motor-double-foil-shaver\/","og_locale":"en_US","og_type":"article","og_title":"Detreu Headline Vector-Motor Double Foil Shaver - Nord Master Fris\u00f6r M\u00f6bler","og_description":"Detreu Headline Vector-Motor Double Foil Shaver, Precisionsrakapparat med h\u00f6g prestanda och dubbel folieteknik f\u00f6r en sl\u00e4t, noggrann och hudv\u00e4nlig rakning.\u201d","og_url":"https:\/\/masterfrisormobler.se\/en\/product\/detreu-headline-vector-motor-double-foil-shaver\/","og_site_name":"Nord Master Fris\u00f6r M\u00f6bler","article_publisher":"https:\/\/www.facebook.com\/profile.php?id=100095573704473","og_image":[{"width":2000,"height":2000,"url":"https:\/\/masterfrisormobler.se\/wp-content\/uploads\/2025\/05\/9300.webp","type":"image\/webp"}],"twitter_card":"summary_large_image","twitter_misc":{"Est. reading time":"1 minute"},"schema":{"@context":"https:\/\/schema.org","@graph":[{"@type":"WebPage","@id":"https:\/\/masterfrisormobler.se\/product\/detreu-headline-vector-motor-double-foil-shaver\/","url":"https:\/\/masterfrisormobler.se\/product\/detreu-headline-vector-motor-double-foil-shaver\/","name":"Detreu Headline Vector-Motor Double Foil Shaver - Nord Master Fris\u00f6r M\u00f6bler","isPartOf":{"@id":"https:\/\/masterfrisormobler.se\/#website"},"datePublished":"2025-10-10T10:18:19+00:00","dateModified":"2025-10-10T10:18:19+00:00","description":"Detreu Headline Vector-Motor Double Foil Shaver, Precisionsrakapparat med h\u00f6g prestanda och dubbel folieteknik f\u00f6r en sl\u00e4t, noggrann och hudv\u00e4nlig rakning.\u201d","breadcrumb":{"@id":"https:\/\/masterfrisormobler.se\/product\/detreu-headline-vector-motor-double-foil-shaver\/#breadcrumb"},"inLanguage":"en-US","potentialAction":[{"@type":"ReadAction","target":["https:\/\/masterfrisormobler.se\/product\/detreu-headline-vector-motor-double-foil-shaver\/"]}]},{"@type":"BreadcrumbList","@id":"https:\/\/masterfrisormobler.se\/product\/detreu-headline-vector-motor-double-foil-shaver\/#breadcrumb","itemListElement":[{"@type":"ListItem","position":1,"name":"Home","item":"https:\/\/masterfrisormobler.se\/"},{"@type":"ListItem","position":2,"name":"Store","item":"https:\/\/masterfrisormobler.se\/store-master-frisor-mobler\/"},{"@type":"ListItem","position":3,"name":"Detreu Headline Vector-Motor Double Foil Shaver"}]},{"@type":"WebSite","@id":"https:\/\/masterfrisormobler.se\/#website","url":"https:\/\/masterfrisormobler.se\/","name":"https:\/\/masterfrisormobler.se\/","description":"Den b\u00e4sta butiken f\u00f6r att s\u00e4lja Fris\u00f6rm\u00f6bler och produkter.","publisher":{"@id":"https:\/\/masterfrisormobler.se\/#organization"},"potentialAction":[{"@type":"SearchAction","target":{"@type":"EntryPoint","urlTemplate":"https:\/\/masterfrisormobler.se\/?s={search_term_string}"},"query-input":"required name=search_term_string"}],"inLanguage":"en-US"},{"@type":"Organization","@id":"https:\/\/masterfrisormobler.se\/#organization","name":"Nord master fris\u00f6r mobler","url":"https:\/\/masterfrisormobler.se\/","logo":{"@type":"ImageObject","inLanguage":"en-US","@id":"https:\/\/masterfrisormobler.se\/#\/schema\/logo\/image\/","url":"https:\/\/masterfrisormobler.se\/wp-content\/uploads\/2023\/08\/cropped-512x512-sara.jpeg","contentUrl":"https:\/\/masterfrisormobler.se\/wp-content\/uploads\/2023\/08\/cropped-512x512-sara.jpeg","width":512,"height":512,"caption":"Nord master fris\u00f6r mobler"},"image":{"@id":"https:\/\/masterfrisormobler.se\/#\/schema\/logo\/image\/"},"sameAs":["https:\/\/www.facebook.com\/profile.php?id=100095573704473","https:\/\/www.tiktok.com\/@master.frisr.mble","https:\/\/www.instagram.com\/masterfrisormobler\/"]}]}},"_links":{"self":[{"href":"https:\/\/masterfrisormobler.se\/en\/wp-json\/wp\/v2\/product\/6782"}],"collection":[{"href":"https:\/\/masterfrisormobler.se\/en\/wp-json\/wp\/v2\/product"}],"about":[{"href":"https:\/\/masterfrisormobler.se\/en\/wp-json\/wp\/v2\/types\/product"}],"version-history":[{"count":1,"href":"https:\/\/masterfrisormobler.se\/en\/wp-json\/wp\/v2\/product\/6782\/revisions"}],"predecessor-version":[{"id":6783,"href":"https:\/\/masterfrisormobler.se\/en\/wp-json\/wp\/v2\/product\/6782\/revisions\/6783"}],"wp:featuredmedia":[{"embeddable":true,"href":"https:\/\/masterfrisormobler.se\/en\/wp-json\/wp\/v2\/media\/6779"}],"wp:attachment":[{"href":"https:\/\/masterfrisormobler.se\/en\/wp-json\/wp\/v2\/media?parent=6782"}],"wp:term":[{"taxonomy":"product_cat","embeddable":true,"href":"https:\/\/masterfrisormobler.se\/en\/wp-json\/wp\/v2\/product_cat?post=6782"},{"taxonomy":"product_tag","embeddable":true,"href":"https:\/\/masterfrisormobler.se\/en\/wp-json\/wp\/v2\/product_tag?post=6782"}],"curies":[{"name":"wp","href":"https:\/\/api.w.org\/{rel}","templated":true}]}}