{"id":6727,"date":"2025-09-28T10:32:06","date_gmt":"2025-09-28T10:32:06","guid":{"rendered":"https:\/\/masterfrisormobler.se\/?post_type=product&#038;p=6727"},"modified":"2025-09-28T10:32:06","modified_gmt":"2025-09-28T10:32:06","slug":"wahl-vanish","status":"publish","type":"product","link":"https:\/\/masterfrisormobler.se\/en\/product\/wahl-vanish\/","title":{"rendered":"WAHL \u2013 Vanish"},"content":{"rendered":"<h1 class=\"product_title entry-title\">WAHL \u2013 Vanish<\/h1>\n<p>Wahl Professional 5 Star Vanish Shaver \u00e4r det ultimata verktyget f\u00f6r fris\u00f6rer som letar efter en ren finish och en sl\u00e4t rakning utan st\u00f6tar eller irritation. Rakapparaten har ocks\u00e5 ett premium litiumjonbatteri som s\u00e4kerst\u00e4ller att rakapparaten klarar de flesta fris\u00f6rer en vanlig dag utan att beh\u00f6va laddas upp.<\/p>\n<p>Oberoende klippsystem med fj\u00e4dring som g\u00f6r att klippst\u00e4ngerna kan r\u00f6ra sig oberoende, anpassade till konturerna av halsen och ansiktet f\u00f6r att s\u00e4kerst\u00e4lla att alla h\u00e5rstr\u00e5n tas bort smidigt och effektivt.<\/p>\n<p>Individuella utf\u00e4llbara foliekassetter sparar tid och pengar i underh\u00e5llet genom att byta ut enkla folier ist\u00e4llet f\u00f6r fulla rakhuvuden.<\/p>\n<p>Premium litiumjonbatteri ger 100+ drifttid p\u00e5 en enda laddning och smart LED-batteriniv\u00e5indikator.<\/p>\n<p>Designad med ergonomi i \u00e5tanke, vilket m\u00f6jligg\u00f6r bekv\u00e4m och l\u00e5ngvarig anv\u00e4ndning under hela dagen.<\/p>\n<p>Resel\u00e5sfunktionen f\u00f6rhindrar att rakapparaten oavsiktligt sl\u00e5s p\u00e5 och drar ur str\u00f6m n\u00e4r du \u00e4r p\u00e5 spr\u00e5ng.<\/p>","protected":false},"excerpt":{"rendered":"<p>Wahl Professional 5 Star Vanish Shaver \u00e4r det ultimata verktyget f\u00f6r fris\u00f6rer som letar efter en ren finish och en sl\u00e4t rakning utan st\u00f6tar eller irritation.<\/p>","protected":false},"featured_media":6730,"template":"","meta":{"site-sidebar-layout":"default","site-content-layout":"","ast-site-content-layout":"default","site-content-style":"default","site-sidebar-style":"default","ast-global-header-display":"","ast-banner-title-visibility":"","ast-main-header-display":"","ast-hfb-above-header-display":"","ast-hfb-below-header-display":"","ast-hfb-mobile-header-display":"","site-post-title":"","ast-breadcrumbs-content":"","ast-featured-img":"","footer-sml-layout":"","theme-transparent-header-meta":"default","adv-header-id-meta":"","stick-header-meta":"","header-above-stick-meta":"","header-main-stick-meta":"","header-below-stick-meta":"","astra-migrate-meta-layouts":"set","_joinchat":[]},"product_cat":[57,77,75],"product_tag":[],"yoast_head":"<!-- This site is optimized with the Yoast SEO plugin v21.2 - https:\/\/yoast.com\/wordpress\/plugins\/seo\/ -->\n<title>WAHL \u2013 Vanish - Nord Master Fris\u00f6r M\u00f6bler<\/title>\n<meta name=\"description\" content=\"WAHL \u2013 Vanish.Wahl Professional 5 Star Vanish Shaver \u00e4r det ultimata verktyget f\u00f6r fris\u00f6rer som letar efter en ren finish och en sl\u00e4t rakning utan st\u00f6tar eller irritation.\" \/>\n<meta name=\"robots\" content=\"index, follow, max-snippet:-1, max-image-preview:large, max-video-preview:-1\" \/>\n<link rel=\"canonical\" href=\"https:\/\/masterfrisormobler.se\/en\/product\/wahl-vanish\/\" \/>\n<meta property=\"og:locale\" content=\"en_US\" \/>\n<meta property=\"og:type\" content=\"article\" \/>\n<meta property=\"og:title\" content=\"WAHL \u2013 Vanish - Nord Master Fris\u00f6r M\u00f6bler\" \/>\n<meta property=\"og:description\" content=\"WAHL \u2013 Vanish.Wahl Professional 5 Star Vanish Shaver \u00e4r det ultimata verktyget f\u00f6r fris\u00f6rer som letar efter en ren finish och en sl\u00e4t rakning utan st\u00f6tar eller irritation.\" \/>\n<meta property=\"og:url\" content=\"https:\/\/masterfrisormobler.se\/en\/product\/wahl-vanish\/\" \/>\n<meta property=\"og:site_name\" content=\"Nord Master Fris\u00f6r M\u00f6bler\" \/>\n<meta property=\"article:publisher\" content=\"https:\/\/www.facebook.com\/profile.php?id=100095573704473\" \/>\n<meta property=\"og:image\" content=\"https:\/\/masterfrisormobler.se\/wp-content\/uploads\/2025\/09\/WAHL-Vanish6-1.jpg\" \/>\n\t<meta property=\"og:image:width\" content=\"1200\" \/>\n\t<meta property=\"og:image:height\" content=\"1200\" \/>\n\t<meta property=\"og:image:type\" content=\"image\/jpeg\" \/>\n<meta name=\"twitter:card\" content=\"summary_large_image\" \/>\n<meta name=\"twitter:label1\" content=\"Est. reading time\" \/>\n\t<meta name=\"twitter:data1\" content=\"1 minute\" \/>\n<script type=\"application\/ld+json\" class=\"yoast-schema-graph\">{\"@context\":\"https:\/\/schema.org\",\"@graph\":[{\"@type\":\"WebPage\",\"@id\":\"https:\/\/masterfrisormobler.se\/product\/wahl-vanish\/\",\"url\":\"https:\/\/masterfrisormobler.se\/product\/wahl-vanish\/\",\"name\":\"WAHL \u2013 Vanish - Nord Master Fris\u00f6r M\u00f6bler\",\"isPartOf\":{\"@id\":\"https:\/\/masterfrisormobler.se\/#website\"},\"datePublished\":\"2025-09-28T10:32:06+00:00\",\"dateModified\":\"2025-09-28T10:32:06+00:00\",\"description\":\"WAHL \u2013 Vanish.Wahl Professional 5 Star Vanish Shaver \u00e4r det ultimata verktyget f\u00f6r fris\u00f6rer som letar efter en ren finish och en sl\u00e4t rakning utan st\u00f6tar eller irritation.\",\"breadcrumb\":{\"@id\":\"https:\/\/masterfrisormobler.se\/product\/wahl-vanish\/#breadcrumb\"},\"inLanguage\":\"en-US\",\"potentialAction\":[{\"@type\":\"ReadAction\",\"target\":[\"https:\/\/masterfrisormobler.se\/product\/wahl-vanish\/\"]}]},{\"@type\":\"BreadcrumbList\",\"@id\":\"https:\/\/masterfrisormobler.se\/product\/wahl-vanish\/#breadcrumb\",\"itemListElement\":[{\"@type\":\"ListItem\",\"position\":1,\"name\":\"Home\",\"item\":\"https:\/\/masterfrisormobler.se\/\"},{\"@type\":\"ListItem\",\"position\":2,\"name\":\"Store\",\"item\":\"https:\/\/masterfrisormobler.se\/store-master-frisor-mobler\/\"},{\"@type\":\"ListItem\",\"position\":3,\"name\":\"WAHL \u2013 Vanish\"}]},{\"@type\":\"WebSite\",\"@id\":\"https:\/\/masterfrisormobler.se\/#website\",\"url\":\"https:\/\/masterfrisormobler.se\/\",\"name\":\"https:\/\/masterfrisormobler.se\/\",\"description\":\"Den b\u00e4sta butiken f\u00f6r att s\u00e4lja Fris\u00f6rm\u00f6bler och produkter.\",\"publisher\":{\"@id\":\"https:\/\/masterfrisormobler.se\/#organization\"},\"potentialAction\":[{\"@type\":\"SearchAction\",\"target\":{\"@type\":\"EntryPoint\",\"urlTemplate\":\"https:\/\/masterfrisormobler.se\/?s={search_term_string}\"},\"query-input\":\"required name=search_term_string\"}],\"inLanguage\":\"en-US\"},{\"@type\":\"Organization\",\"@id\":\"https:\/\/masterfrisormobler.se\/#organization\",\"name\":\"Nord master fris\u00f6r mobler\",\"url\":\"https:\/\/masterfrisormobler.se\/\",\"logo\":{\"@type\":\"ImageObject\",\"inLanguage\":\"en-US\",\"@id\":\"https:\/\/masterfrisormobler.se\/#\/schema\/logo\/image\/\",\"url\":\"https:\/\/masterfrisormobler.se\/wp-content\/uploads\/2023\/08\/cropped-512x512-sara.jpeg\",\"contentUrl\":\"https:\/\/masterfrisormobler.se\/wp-content\/uploads\/2023\/08\/cropped-512x512-sara.jpeg\",\"width\":512,\"height\":512,\"caption\":\"Nord master fris\u00f6r mobler\"},\"image\":{\"@id\":\"https:\/\/masterfrisormobler.se\/#\/schema\/logo\/image\/\"},\"sameAs\":[\"https:\/\/www.facebook.com\/profile.php?id=100095573704473\",\"https:\/\/www.tiktok.com\/@master.frisr.mble\",\"https:\/\/www.instagram.com\/masterfrisormobler\/\"]}]}<\/script>\n<!-- \/ Yoast SEO plugin. -->","yoast_head_json":{"title":"WAHL \u2013 Vanish - Nord Master Fris\u00f6r M\u00f6bler","description":"WAHL \u2013 Vanish.Wahl Professional 5 Star Vanish Shaver \u00e4r det ultimata verktyget f\u00f6r fris\u00f6rer som letar efter en ren finish och en sl\u00e4t rakning utan st\u00f6tar eller irritation.","robots":{"index":"index","follow":"follow","max-snippet":"max-snippet:-1","max-image-preview":"max-image-preview:large","max-video-preview":"max-video-preview:-1"},"canonical":"https:\/\/masterfrisormobler.se\/en\/product\/wahl-vanish\/","og_locale":"en_US","og_type":"article","og_title":"WAHL \u2013 Vanish - Nord Master Fris\u00f6r M\u00f6bler","og_description":"WAHL \u2013 Vanish.Wahl Professional 5 Star Vanish Shaver \u00e4r det ultimata verktyget f\u00f6r fris\u00f6rer som letar efter en ren finish och en sl\u00e4t rakning utan st\u00f6tar eller irritation.","og_url":"https:\/\/masterfrisormobler.se\/en\/product\/wahl-vanish\/","og_site_name":"Nord Master Fris\u00f6r M\u00f6bler","article_publisher":"https:\/\/www.facebook.com\/profile.php?id=100095573704473","og_image":[{"width":1200,"height":1200,"url":"https:\/\/masterfrisormobler.se\/wp-content\/uploads\/2025\/09\/WAHL-Vanish6-1.jpg","type":"image\/jpeg"}],"twitter_card":"summary_large_image","twitter_misc":{"Est. reading time":"1 minute"},"schema":{"@context":"https:\/\/schema.org","@graph":[{"@type":"WebPage","@id":"https:\/\/masterfrisormobler.se\/product\/wahl-vanish\/","url":"https:\/\/masterfrisormobler.se\/product\/wahl-vanish\/","name":"WAHL \u2013 Vanish - Nord Master Fris\u00f6r M\u00f6bler","isPartOf":{"@id":"https:\/\/masterfrisormobler.se\/#website"},"datePublished":"2025-09-28T10:32:06+00:00","dateModified":"2025-09-28T10:32:06+00:00","description":"WAHL \u2013 Vanish.Wahl Professional 5 Star Vanish Shaver \u00e4r det ultimata verktyget f\u00f6r fris\u00f6rer som letar efter en ren finish och en sl\u00e4t rakning utan st\u00f6tar eller irritation.","breadcrumb":{"@id":"https:\/\/masterfrisormobler.se\/product\/wahl-vanish\/#breadcrumb"},"inLanguage":"en-US","potentialAction":[{"@type":"ReadAction","target":["https:\/\/masterfrisormobler.se\/product\/wahl-vanish\/"]}]},{"@type":"BreadcrumbList","@id":"https:\/\/masterfrisormobler.se\/product\/wahl-vanish\/#breadcrumb","itemListElement":[{"@type":"ListItem","position":1,"name":"Home","item":"https:\/\/masterfrisormobler.se\/"},{"@type":"ListItem","position":2,"name":"Store","item":"https:\/\/masterfrisormobler.se\/store-master-frisor-mobler\/"},{"@type":"ListItem","position":3,"name":"WAHL \u2013 Vanish"}]},{"@type":"WebSite","@id":"https:\/\/masterfrisormobler.se\/#website","url":"https:\/\/masterfrisormobler.se\/","name":"https:\/\/masterfrisormobler.se\/","description":"Den b\u00e4sta butiken f\u00f6r att s\u00e4lja Fris\u00f6rm\u00f6bler och produkter.","publisher":{"@id":"https:\/\/masterfrisormobler.se\/#organization"},"potentialAction":[{"@type":"SearchAction","target":{"@type":"EntryPoint","urlTemplate":"https:\/\/masterfrisormobler.se\/?s={search_term_string}"},"query-input":"required name=search_term_string"}],"inLanguage":"en-US"},{"@type":"Organization","@id":"https:\/\/masterfrisormobler.se\/#organization","name":"Nord master fris\u00f6r mobler","url":"https:\/\/masterfrisormobler.se\/","logo":{"@type":"ImageObject","inLanguage":"en-US","@id":"https:\/\/masterfrisormobler.se\/#\/schema\/logo\/image\/","url":"https:\/\/masterfrisormobler.se\/wp-content\/uploads\/2023\/08\/cropped-512x512-sara.jpeg","contentUrl":"https:\/\/masterfrisormobler.se\/wp-content\/uploads\/2023\/08\/cropped-512x512-sara.jpeg","width":512,"height":512,"caption":"Nord master fris\u00f6r mobler"},"image":{"@id":"https:\/\/masterfrisormobler.se\/#\/schema\/logo\/image\/"},"sameAs":["https:\/\/www.facebook.com\/profile.php?id=100095573704473","https:\/\/www.tiktok.com\/@master.frisr.mble","https:\/\/www.instagram.com\/masterfrisormobler\/"]}]}},"_links":{"self":[{"href":"https:\/\/masterfrisormobler.se\/en\/wp-json\/wp\/v2\/product\/6727"}],"collection":[{"href":"https:\/\/masterfrisormobler.se\/en\/wp-json\/wp\/v2\/product"}],"about":[{"href":"https:\/\/masterfrisormobler.se\/en\/wp-json\/wp\/v2\/types\/product"}],"version-history":[{"count":1,"href":"https:\/\/masterfrisormobler.se\/en\/wp-json\/wp\/v2\/product\/6727\/revisions"}],"predecessor-version":[{"id":6733,"href":"https:\/\/masterfrisormobler.se\/en\/wp-json\/wp\/v2\/product\/6727\/revisions\/6733"}],"wp:featuredmedia":[{"embeddable":true,"href":"https:\/\/masterfrisormobler.se\/en\/wp-json\/wp\/v2\/media\/6730"}],"wp:attachment":[{"href":"https:\/\/masterfrisormobler.se\/en\/wp-json\/wp\/v2\/media?parent=6727"}],"wp:term":[{"taxonomy":"product_cat","embeddable":true,"href":"https:\/\/masterfrisormobler.se\/en\/wp-json\/wp\/v2\/product_cat?post=6727"},{"taxonomy":"product_tag","embeddable":true,"href":"https:\/\/masterfrisormobler.se\/en\/wp-json\/wp\/v2\/product_tag?post=6727"}],"curies":[{"name":"wp","href":"https:\/\/api.w.org\/{rel}","templated":true}]}}