{"id":6646,"date":"2025-05-06T14:08:36","date_gmt":"2025-05-06T14:08:36","guid":{"rendered":"https:\/\/masterfrisormobler.se\/?post_type=product&#038;p=6646"},"modified":"2025-10-10T10:10:39","modified_gmt":"2025-10-10T10:10:39","slug":"detreu-headline-vector-motor-trimmer","status":"publish","type":"product","link":"https:\/\/masterfrisormobler.se\/en\/product\/detreu-headline-vector-motor-trimmer\/","title":{"rendered":"Detreu Headline Vector-Motor Trimmer"},"content":{"rendered":"<h1 class=\"product-detail-name\">Detreu Headline Vector-Motor Trimmer<\/h1>\n<div class=\"pixzl-produkt-beschreibung\"><\/div>\n<p>Extrem precision och kraft.<\/p>\n<p>Vektor Motor.<br \/>\n10 000R.P.M.\/min. Motorns hastighet.<br \/>\nMotorvarvtal p\u00e5 10 000 rpm.<br \/>\nICR litiumjonbatteri med en kapacitet p\u00e5 2000 mAh.<br \/>\n2 timmars tr\u00e5dl\u00f6s autonomi.<br \/>\nLaddningstid p\u00e5 70 minuter.<br \/>\nErgonomisk och funktionell design.<br \/>\nBlad tillverkat med 440C DLC-bel\u00e4ggning.<br \/>\nL\u00e4ttvikt f\u00f6r bekv\u00e4mare anv\u00e4ndning.<br \/>\nInkluderar laddningsbas, reng\u00f6ringsborste och sm\u00f6rjolja.<br \/>\nAC\/DC-adapter med str\u00f6mkabel.<\/p>","protected":false},"excerpt":{"rendered":"<h1 class=\"product-detail-name\">Detreu Headline Vector-Motor Trimmer<\/h1>\n<div class=\"pixzl-produkt-beschreibung\"><\/div>\n<h4>exklusive Moms<\/h4>\n<h5>Pris inkl Frakt<\/h5>\n<h6>Leveranstid: 2-5 dagar<\/h6>","protected":false},"featured_media":6780,"template":"","meta":{"site-sidebar-layout":"default","site-content-layout":"","ast-site-content-layout":"default","site-content-style":"default","site-sidebar-style":"default","ast-global-header-display":"","ast-banner-title-visibility":"","ast-main-header-display":"","ast-hfb-above-header-display":"","ast-hfb-below-header-display":"","ast-hfb-mobile-header-display":"","site-post-title":"","ast-breadcrumbs-content":"","ast-featured-img":"","footer-sml-layout":"","theme-transparent-header-meta":"default","adv-header-id-meta":"","stick-header-meta":"","header-above-stick-meta":"","header-main-stick-meta":"","header-below-stick-meta":"","astra-migrate-meta-layouts":"set","_joinchat":[]},"product_cat":[57,77,75],"product_tag":[],"yoast_head":"<!-- This site is optimized with the Yoast SEO plugin v21.2 - https:\/\/yoast.com\/wordpress\/plugins\/seo\/ -->\n<title>Detreu Headline Vector-Motor Trimmer - Nord Master Fris\u00f6r M\u00f6bler<\/title>\n<meta name=\"description\" content=\"Detreu Headline Vector-Motor Trimmer,Extrem precision och kraft.Vektor Motor.10 000 R.P.M. Motorns hastighet.Blad tillverkat med 440C DLC-bel\u00e4ggning\" \/>\n<meta name=\"robots\" content=\"index, follow, max-snippet:-1, max-image-preview:large, max-video-preview:-1\" \/>\n<link rel=\"canonical\" href=\"https:\/\/masterfrisormobler.se\/en\/product\/detreu-headline-vector-motor-trimmer\/\" \/>\n<meta property=\"og:locale\" content=\"en_US\" \/>\n<meta property=\"og:type\" content=\"article\" \/>\n<meta property=\"og:title\" content=\"Detreu Headline Vector-Motor Trimmer - Nord Master Fris\u00f6r M\u00f6bler\" \/>\n<meta property=\"og:description\" content=\"Detreu Headline Vector-Motor Trimmer,Extrem precision och kraft.Vektor Motor.10 000 R.P.M. Motorns hastighet.Blad tillverkat med 440C DLC-bel\u00e4ggning\" \/>\n<meta property=\"og:url\" content=\"https:\/\/masterfrisormobler.se\/en\/product\/detreu-headline-vector-motor-trimmer\/\" \/>\n<meta property=\"og:site_name\" content=\"Nord Master Fris\u00f6r M\u00f6bler\" \/>\n<meta property=\"article:publisher\" content=\"https:\/\/www.facebook.com\/profile.php?id=100095573704473\" \/>\n<meta property=\"article:modified_time\" content=\"2025-10-10T10:10:39+00:00\" \/>\n<meta property=\"og:image\" content=\"https:\/\/masterfrisormobler.se\/wp-content\/uploads\/2025\/05\/9204.webp\" \/>\n\t<meta property=\"og:image:width\" content=\"2000\" \/>\n\t<meta property=\"og:image:height\" content=\"2000\" \/>\n\t<meta property=\"og:image:type\" content=\"image\/webp\" \/>\n<meta name=\"twitter:card\" content=\"summary_large_image\" \/>\n<meta name=\"twitter:label1\" content=\"Est. reading time\" \/>\n\t<meta name=\"twitter:data1\" content=\"1 minute\" \/>\n<script type=\"application\/ld+json\" class=\"yoast-schema-graph\">{\"@context\":\"https:\/\/schema.org\",\"@graph\":[{\"@type\":\"WebPage\",\"@id\":\"https:\/\/masterfrisormobler.se\/product\/detreu-headline-vector-motor-trimmer\/\",\"url\":\"https:\/\/masterfrisormobler.se\/product\/detreu-headline-vector-motor-trimmer\/\",\"name\":\"Detreu Headline Vector-Motor Trimmer - Nord Master Fris\u00f6r M\u00f6bler\",\"isPartOf\":{\"@id\":\"https:\/\/masterfrisormobler.se\/#website\"},\"datePublished\":\"2025-05-06T14:08:36+00:00\",\"dateModified\":\"2025-10-10T10:10:39+00:00\",\"description\":\"Detreu Headline Vector-Motor Trimmer,Extrem precision och kraft.Vektor Motor.10 000 R.P.M. Motorns hastighet.Blad tillverkat med 440C DLC-bel\u00e4ggning\",\"breadcrumb\":{\"@id\":\"https:\/\/masterfrisormobler.se\/product\/detreu-headline-vector-motor-trimmer\/#breadcrumb\"},\"inLanguage\":\"en-US\",\"potentialAction\":[{\"@type\":\"ReadAction\",\"target\":[\"https:\/\/masterfrisormobler.se\/product\/detreu-headline-vector-motor-trimmer\/\"]}]},{\"@type\":\"BreadcrumbList\",\"@id\":\"https:\/\/masterfrisormobler.se\/product\/detreu-headline-vector-motor-trimmer\/#breadcrumb\",\"itemListElement\":[{\"@type\":\"ListItem\",\"position\":1,\"name\":\"Home\",\"item\":\"https:\/\/masterfrisormobler.se\/\"},{\"@type\":\"ListItem\",\"position\":2,\"name\":\"Store\",\"item\":\"https:\/\/masterfrisormobler.se\/store-master-frisor-mobler\/\"},{\"@type\":\"ListItem\",\"position\":3,\"name\":\"Detreu Headline Vector-Motor Trimmer\"}]},{\"@type\":\"WebSite\",\"@id\":\"https:\/\/masterfrisormobler.se\/#website\",\"url\":\"https:\/\/masterfrisormobler.se\/\",\"name\":\"https:\/\/masterfrisormobler.se\/\",\"description\":\"Den b\u00e4sta butiken f\u00f6r att s\u00e4lja Fris\u00f6rm\u00f6bler och produkter.\",\"publisher\":{\"@id\":\"https:\/\/masterfrisormobler.se\/#organization\"},\"potentialAction\":[{\"@type\":\"SearchAction\",\"target\":{\"@type\":\"EntryPoint\",\"urlTemplate\":\"https:\/\/masterfrisormobler.se\/?s={search_term_string}\"},\"query-input\":\"required name=search_term_string\"}],\"inLanguage\":\"en-US\"},{\"@type\":\"Organization\",\"@id\":\"https:\/\/masterfrisormobler.se\/#organization\",\"name\":\"Nord master fris\u00f6r mobler\",\"url\":\"https:\/\/masterfrisormobler.se\/\",\"logo\":{\"@type\":\"ImageObject\",\"inLanguage\":\"en-US\",\"@id\":\"https:\/\/masterfrisormobler.se\/#\/schema\/logo\/image\/\",\"url\":\"https:\/\/masterfrisormobler.se\/wp-content\/uploads\/2023\/08\/cropped-512x512-sara.jpeg\",\"contentUrl\":\"https:\/\/masterfrisormobler.se\/wp-content\/uploads\/2023\/08\/cropped-512x512-sara.jpeg\",\"width\":512,\"height\":512,\"caption\":\"Nord master fris\u00f6r mobler\"},\"image\":{\"@id\":\"https:\/\/masterfrisormobler.se\/#\/schema\/logo\/image\/\"},\"sameAs\":[\"https:\/\/www.facebook.com\/profile.php?id=100095573704473\",\"https:\/\/www.tiktok.com\/@master.frisr.mble\",\"https:\/\/www.instagram.com\/masterfrisormobler\/\"]}]}<\/script>\n<!-- \/ Yoast SEO plugin. -->","yoast_head_json":{"title":"Detreu Headline Vector-Motor Trimmer - Nord Master Fris\u00f6r M\u00f6bler","description":"Detreu Headline Vector-Motor Trimmer,Extrem precision och kraft.Vektor Motor.10 000 R.P.M. Motorns hastighet.Blad tillverkat med 440C DLC-bel\u00e4ggning","robots":{"index":"index","follow":"follow","max-snippet":"max-snippet:-1","max-image-preview":"max-image-preview:large","max-video-preview":"max-video-preview:-1"},"canonical":"https:\/\/masterfrisormobler.se\/en\/product\/detreu-headline-vector-motor-trimmer\/","og_locale":"en_US","og_type":"article","og_title":"Detreu Headline Vector-Motor Trimmer - Nord Master Fris\u00f6r M\u00f6bler","og_description":"Detreu Headline Vector-Motor Trimmer,Extrem precision och kraft.Vektor Motor.10 000 R.P.M. Motorns hastighet.Blad tillverkat med 440C DLC-bel\u00e4ggning","og_url":"https:\/\/masterfrisormobler.se\/en\/product\/detreu-headline-vector-motor-trimmer\/","og_site_name":"Nord Master Fris\u00f6r M\u00f6bler","article_publisher":"https:\/\/www.facebook.com\/profile.php?id=100095573704473","article_modified_time":"2025-10-10T10:10:39+00:00","og_image":[{"width":2000,"height":2000,"url":"https:\/\/masterfrisormobler.se\/wp-content\/uploads\/2025\/05\/9204.webp","type":"image\/webp"}],"twitter_card":"summary_large_image","twitter_misc":{"Est. reading time":"1 minute"},"schema":{"@context":"https:\/\/schema.org","@graph":[{"@type":"WebPage","@id":"https:\/\/masterfrisormobler.se\/product\/detreu-headline-vector-motor-trimmer\/","url":"https:\/\/masterfrisormobler.se\/product\/detreu-headline-vector-motor-trimmer\/","name":"Detreu Headline Vector-Motor Trimmer - Nord Master Fris\u00f6r M\u00f6bler","isPartOf":{"@id":"https:\/\/masterfrisormobler.se\/#website"},"datePublished":"2025-05-06T14:08:36+00:00","dateModified":"2025-10-10T10:10:39+00:00","description":"Detreu Headline Vector-Motor Trimmer,Extrem precision och kraft.Vektor Motor.10 000 R.P.M. Motorns hastighet.Blad tillverkat med 440C DLC-bel\u00e4ggning","breadcrumb":{"@id":"https:\/\/masterfrisormobler.se\/product\/detreu-headline-vector-motor-trimmer\/#breadcrumb"},"inLanguage":"en-US","potentialAction":[{"@type":"ReadAction","target":["https:\/\/masterfrisormobler.se\/product\/detreu-headline-vector-motor-trimmer\/"]}]},{"@type":"BreadcrumbList","@id":"https:\/\/masterfrisormobler.se\/product\/detreu-headline-vector-motor-trimmer\/#breadcrumb","itemListElement":[{"@type":"ListItem","position":1,"name":"Home","item":"https:\/\/masterfrisormobler.se\/"},{"@type":"ListItem","position":2,"name":"Store","item":"https:\/\/masterfrisormobler.se\/store-master-frisor-mobler\/"},{"@type":"ListItem","position":3,"name":"Detreu Headline Vector-Motor Trimmer"}]},{"@type":"WebSite","@id":"https:\/\/masterfrisormobler.se\/#website","url":"https:\/\/masterfrisormobler.se\/","name":"https:\/\/masterfrisormobler.se\/","description":"Den b\u00e4sta butiken f\u00f6r att s\u00e4lja Fris\u00f6rm\u00f6bler och produkter.","publisher":{"@id":"https:\/\/masterfrisormobler.se\/#organization"},"potentialAction":[{"@type":"SearchAction","target":{"@type":"EntryPoint","urlTemplate":"https:\/\/masterfrisormobler.se\/?s={search_term_string}"},"query-input":"required name=search_term_string"}],"inLanguage":"en-US"},{"@type":"Organization","@id":"https:\/\/masterfrisormobler.se\/#organization","name":"Nord master fris\u00f6r mobler","url":"https:\/\/masterfrisormobler.se\/","logo":{"@type":"ImageObject","inLanguage":"en-US","@id":"https:\/\/masterfrisormobler.se\/#\/schema\/logo\/image\/","url":"https:\/\/masterfrisormobler.se\/wp-content\/uploads\/2023\/08\/cropped-512x512-sara.jpeg","contentUrl":"https:\/\/masterfrisormobler.se\/wp-content\/uploads\/2023\/08\/cropped-512x512-sara.jpeg","width":512,"height":512,"caption":"Nord master fris\u00f6r mobler"},"image":{"@id":"https:\/\/masterfrisormobler.se\/#\/schema\/logo\/image\/"},"sameAs":["https:\/\/www.facebook.com\/profile.php?id=100095573704473","https:\/\/www.tiktok.com\/@master.frisr.mble","https:\/\/www.instagram.com\/masterfrisormobler\/"]}]}},"_links":{"self":[{"href":"https:\/\/masterfrisormobler.se\/en\/wp-json\/wp\/v2\/product\/6646"}],"collection":[{"href":"https:\/\/masterfrisormobler.se\/en\/wp-json\/wp\/v2\/product"}],"about":[{"href":"https:\/\/masterfrisormobler.se\/en\/wp-json\/wp\/v2\/types\/product"}],"version-history":[{"count":3,"href":"https:\/\/masterfrisormobler.se\/en\/wp-json\/wp\/v2\/product\/6646\/revisions"}],"predecessor-version":[{"id":6781,"href":"https:\/\/masterfrisormobler.se\/en\/wp-json\/wp\/v2\/product\/6646\/revisions\/6781"}],"wp:featuredmedia":[{"embeddable":true,"href":"https:\/\/masterfrisormobler.se\/en\/wp-json\/wp\/v2\/media\/6780"}],"wp:attachment":[{"href":"https:\/\/masterfrisormobler.se\/en\/wp-json\/wp\/v2\/media?parent=6646"}],"wp:term":[{"taxonomy":"product_cat","embeddable":true,"href":"https:\/\/masterfrisormobler.se\/en\/wp-json\/wp\/v2\/product_cat?post=6646"},{"taxonomy":"product_tag","embeddable":true,"href":"https:\/\/masterfrisormobler.se\/en\/wp-json\/wp\/v2\/product_tag?post=6646"}],"curies":[{"name":"wp","href":"https:\/\/api.w.org\/{rel}","templated":true}]}}