{"id":5660,"date":"2023-08-24T21:07:45","date_gmt":"2023-08-24T21:07:45","guid":{"rendered":"https:\/\/masterfrisormobler.se\/?post_type=product&#038;p=5660"},"modified":"2026-04-27T09:11:30","modified_gmt":"2026-04-27T09:11:30","slug":"frisorstol-paketpris-10","status":"publish","type":"product","link":"https:\/\/masterfrisormobler.se\/en\/product\/frisorstol-paketpris-10\/","title":{"rendered":"fris\u00f6rstol Paketpris"},"content":{"rendered":"<p>Fris\u00f6rstol Paketpris, exceptionellt erbjudande: best\u00e4ll mer och spara mer!<\/p>\n<p>Om du letar efter h\u00f6gkvalitativa fris\u00f6rstolar till nedsatt pris har du kommit r\u00e4tt. Vi erbjuder nu en fantastisk kampanj p\u00e5 ett packet med 3 fris\u00f6rstolar. F\u00e5 modern stil och o\u00f6vertr\u00e4ffad komfort f\u00f6r ett l\u00e4gre pris!<\/p>\n<p>Erbjudandet inkluderar:<\/p>\n<p>Moderna och h\u00e5llbara fris\u00f6rstolar till nedsatt pris som passar din budget.<br \/>\nBekv\u00e4m design som ger en unik klippupplevelse f\u00f6r dina kunder.<br \/>\nH\u00f6gkvalitet som garanterar l\u00e5ngvarig anv\u00e4ndning av stolarna.<br \/>\nDet perfekta valet f\u00f6r din salong eller din frisersalong.<br \/>\nMen det \u00e4r inte allt! Om du beh\u00f6ver fler stolar finns vi h\u00e4r f\u00f6r att erbjuda dig \u00e4nnu mer rabatt. Best\u00e4ll mer \u00e4n 3 stolar och kontakta oss. Vi kommer att ge dig en speciell rabatt f\u00f6r \u00e4nnu st\u00f6rre besparingar!<\/p>\n<p>Missa inte detta tillf\u00e4lle. G\u00f6r din frisersalong unik med stil och komfort med fris\u00f6rstolar som uppfyller dina kunders behov. Kontakta oss idag f\u00f6r att dra nytta av detta enast\u00e5ende erbjudande!<\/p>\n<h6>V\u00e4ntbart ryggst\u00f6d med integrerat l\u00e5shandtag (upp till 150\u00b0)<br \/>\n:Hydraulpump justerbar: 75 \u2013 95 cm<br \/>\n:Vridbart och h\u00f6j- och s\u00e4nkbart sittl\u00e4ge position 360\u00b0<br \/>\n:Rund bas (68 cm)<br \/>\n:Max belastning 220 Kg<br \/>\n:Pris inkl Frakt<br \/>\n:Leveranstid: 2-5 dagar<\/h6>\n<p>:Om du beh\u00f6ver hj\u00e4lp eller har fr\u00e5gor kan du alltid kontakta oss<\/p>","protected":false},"excerpt":{"rendered":"<p><strong>fris\u00f6rstol Paketpris,Vi erbjuder dig fris\u00f6rstolen som kombinerar elegans och komfort i rakupplevelsen.<\/strong><\/p>\n<h4>exklusive Moms<\/h4>\n<h5>Pris inkl Frakt<\/h5>\n<h6>Leveranstid: 2-5 dagar<\/h6>","protected":false},"featured_media":6165,"template":"","meta":{"site-sidebar-layout":"default","site-content-layout":"default","ast-site-content-layout":"default","site-content-style":"default","site-sidebar-style":"default","ast-global-header-display":"","ast-banner-title-visibility":"","ast-main-header-display":"","ast-hfb-above-header-display":"","ast-hfb-below-header-display":"","ast-hfb-mobile-header-display":"","site-post-title":"","ast-breadcrumbs-content":"","ast-featured-img":"","footer-sml-layout":"","theme-transparent-header-meta":"default","adv-header-id-meta":"","stick-header-meta":"","header-above-stick-meta":"","header-main-stick-meta":"","header-below-stick-meta":"","astra-migrate-meta-layouts":"set","_joinchat":[]},"product_cat":[60,66,59],"product_tag":[],"yoast_head":"<!-- This site is optimized with the Yoast SEO plugin v21.2 - https:\/\/yoast.com\/wordpress\/plugins\/seo\/ -->\n<title>fris\u00f6rstol Paketpris - Nord Master Fris\u00f6r M\u00f6bler<\/title>\n<meta name=\"description\" content=\"fris\u00f6rstol Paketpris,Exceptionellt erbjudande: Best\u00e4ll mer och spara mer,Vi erbjuder dig fris\u00f6rstolen som kombinerar elegans och komfort i rakupplevelsen.\" \/>\n<meta name=\"robots\" content=\"index, follow, max-snippet:-1, max-image-preview:large, max-video-preview:-1\" \/>\n<link rel=\"canonical\" href=\"https:\/\/masterfrisormobler.se\/en\/product\/frisorstol-paketpris-10\/\" \/>\n<meta property=\"og:locale\" content=\"en_US\" \/>\n<meta property=\"og:type\" content=\"article\" \/>\n<meta property=\"og:title\" content=\"fris\u00f6rstol Paketpris - Nord Master Fris\u00f6r M\u00f6bler\" \/>\n<meta property=\"og:description\" content=\"fris\u00f6rstol Paketpris,Exceptionellt erbjudande: Best\u00e4ll mer och spara mer,Vi erbjuder dig fris\u00f6rstolen som kombinerar elegans och komfort i rakupplevelsen.\" \/>\n<meta property=\"og:url\" content=\"https:\/\/masterfrisormobler.se\/en\/product\/frisorstol-paketpris-10\/\" \/>\n<meta property=\"og:site_name\" content=\"Nord Master Fris\u00f6r M\u00f6bler\" \/>\n<meta property=\"article:publisher\" content=\"https:\/\/www.facebook.com\/profile.php?id=100095573704473\" \/>\n<meta property=\"article:modified_time\" content=\"2026-04-27T09:11:30+00:00\" \/>\n<meta property=\"og:image\" content=\"https:\/\/masterfrisormobler.se\/wp-content\/uploads\/2023\/08\/p-2.jpeg\" \/>\n\t<meta property=\"og:image:width\" content=\"800\" \/>\n\t<meta property=\"og:image:height\" content=\"800\" \/>\n\t<meta property=\"og:image:type\" content=\"image\/jpeg\" \/>\n<meta name=\"twitter:card\" content=\"summary_large_image\" \/>\n<meta name=\"twitter:label1\" content=\"Est. reading time\" \/>\n\t<meta name=\"twitter:data1\" content=\"2 minutes\" \/>\n<script type=\"application\/ld+json\" class=\"yoast-schema-graph\">{\"@context\":\"https:\/\/schema.org\",\"@graph\":[{\"@type\":\"WebPage\",\"@id\":\"https:\/\/masterfrisormobler.se\/product\/frisorstol-paketpris-10\/\",\"url\":\"https:\/\/masterfrisormobler.se\/product\/frisorstol-paketpris-10\/\",\"name\":\"fris\u00f6rstol Paketpris - Nord Master Fris\u00f6r M\u00f6bler\",\"isPartOf\":{\"@id\":\"https:\/\/masterfrisormobler.se\/#website\"},\"datePublished\":\"2023-08-24T21:07:45+00:00\",\"dateModified\":\"2026-04-27T09:11:30+00:00\",\"description\":\"fris\u00f6rstol Paketpris,Exceptionellt erbjudande: Best\u00e4ll mer och spara mer,Vi erbjuder dig fris\u00f6rstolen som kombinerar elegans och komfort i rakupplevelsen.\",\"breadcrumb\":{\"@id\":\"https:\/\/masterfrisormobler.se\/product\/frisorstol-paketpris-10\/#breadcrumb\"},\"inLanguage\":\"en-US\",\"potentialAction\":[{\"@type\":\"ReadAction\",\"target\":[\"https:\/\/masterfrisormobler.se\/product\/frisorstol-paketpris-10\/\"]}]},{\"@type\":\"BreadcrumbList\",\"@id\":\"https:\/\/masterfrisormobler.se\/product\/frisorstol-paketpris-10\/#breadcrumb\",\"itemListElement\":[{\"@type\":\"ListItem\",\"position\":1,\"name\":\"Home\",\"item\":\"https:\/\/masterfrisormobler.se\/\"},{\"@type\":\"ListItem\",\"position\":2,\"name\":\"Store\",\"item\":\"https:\/\/masterfrisormobler.se\/store-master-frisor-mobler\/\"},{\"@type\":\"ListItem\",\"position\":3,\"name\":\"fris\u00f6rstol Paketpris\"}]},{\"@type\":\"WebSite\",\"@id\":\"https:\/\/masterfrisormobler.se\/#website\",\"url\":\"https:\/\/masterfrisormobler.se\/\",\"name\":\"https:\/\/masterfrisormobler.se\/\",\"description\":\"Den b\u00e4sta butiken f\u00f6r att s\u00e4lja Fris\u00f6rm\u00f6bler och produkter.\",\"publisher\":{\"@id\":\"https:\/\/masterfrisormobler.se\/#organization\"},\"potentialAction\":[{\"@type\":\"SearchAction\",\"target\":{\"@type\":\"EntryPoint\",\"urlTemplate\":\"https:\/\/masterfrisormobler.se\/?s={search_term_string}\"},\"query-input\":\"required name=search_term_string\"}],\"inLanguage\":\"en-US\"},{\"@type\":\"Organization\",\"@id\":\"https:\/\/masterfrisormobler.se\/#organization\",\"name\":\"Nord master fris\u00f6r mobler\",\"url\":\"https:\/\/masterfrisormobler.se\/\",\"logo\":{\"@type\":\"ImageObject\",\"inLanguage\":\"en-US\",\"@id\":\"https:\/\/masterfrisormobler.se\/#\/schema\/logo\/image\/\",\"url\":\"https:\/\/masterfrisormobler.se\/wp-content\/uploads\/2023\/08\/cropped-512x512-sara.jpeg\",\"contentUrl\":\"https:\/\/masterfrisormobler.se\/wp-content\/uploads\/2023\/08\/cropped-512x512-sara.jpeg\",\"width\":512,\"height\":512,\"caption\":\"Nord master fris\u00f6r mobler\"},\"image\":{\"@id\":\"https:\/\/masterfrisormobler.se\/#\/schema\/logo\/image\/\"},\"sameAs\":[\"https:\/\/www.facebook.com\/profile.php?id=100095573704473\",\"https:\/\/www.tiktok.com\/@master.frisr.mble\",\"https:\/\/www.instagram.com\/masterfrisormobler\/\"]}]}<\/script>\n<!-- \/ Yoast SEO plugin. -->","yoast_head_json":{"title":"fris\u00f6rstol Paketpris - Nord Master Fris\u00f6r M\u00f6bler","description":"fris\u00f6rstol Paketpris,Exceptionellt erbjudande: Best\u00e4ll mer och spara mer,Vi erbjuder dig fris\u00f6rstolen som kombinerar elegans och komfort i rakupplevelsen.","robots":{"index":"index","follow":"follow","max-snippet":"max-snippet:-1","max-image-preview":"max-image-preview:large","max-video-preview":"max-video-preview:-1"},"canonical":"https:\/\/masterfrisormobler.se\/en\/product\/frisorstol-paketpris-10\/","og_locale":"en_US","og_type":"article","og_title":"fris\u00f6rstol Paketpris - Nord Master Fris\u00f6r M\u00f6bler","og_description":"fris\u00f6rstol Paketpris,Exceptionellt erbjudande: Best\u00e4ll mer och spara mer,Vi erbjuder dig fris\u00f6rstolen som kombinerar elegans och komfort i rakupplevelsen.","og_url":"https:\/\/masterfrisormobler.se\/en\/product\/frisorstol-paketpris-10\/","og_site_name":"Nord Master Fris\u00f6r M\u00f6bler","article_publisher":"https:\/\/www.facebook.com\/profile.php?id=100095573704473","article_modified_time":"2026-04-27T09:11:30+00:00","og_image":[{"width":800,"height":800,"url":"https:\/\/masterfrisormobler.se\/wp-content\/uploads\/2023\/08\/p-2.jpeg","type":"image\/jpeg"}],"twitter_card":"summary_large_image","twitter_misc":{"Est. reading time":"2 minutes"},"schema":{"@context":"https:\/\/schema.org","@graph":[{"@type":"WebPage","@id":"https:\/\/masterfrisormobler.se\/product\/frisorstol-paketpris-10\/","url":"https:\/\/masterfrisormobler.se\/product\/frisorstol-paketpris-10\/","name":"fris\u00f6rstol Paketpris - Nord Master Fris\u00f6r M\u00f6bler","isPartOf":{"@id":"https:\/\/masterfrisormobler.se\/#website"},"datePublished":"2023-08-24T21:07:45+00:00","dateModified":"2026-04-27T09:11:30+00:00","description":"fris\u00f6rstol Paketpris,Exceptionellt erbjudande: Best\u00e4ll mer och spara mer,Vi erbjuder dig fris\u00f6rstolen som kombinerar elegans och komfort i rakupplevelsen.","breadcrumb":{"@id":"https:\/\/masterfrisormobler.se\/product\/frisorstol-paketpris-10\/#breadcrumb"},"inLanguage":"en-US","potentialAction":[{"@type":"ReadAction","target":["https:\/\/masterfrisormobler.se\/product\/frisorstol-paketpris-10\/"]}]},{"@type":"BreadcrumbList","@id":"https:\/\/masterfrisormobler.se\/product\/frisorstol-paketpris-10\/#breadcrumb","itemListElement":[{"@type":"ListItem","position":1,"name":"Home","item":"https:\/\/masterfrisormobler.se\/"},{"@type":"ListItem","position":2,"name":"Store","item":"https:\/\/masterfrisormobler.se\/store-master-frisor-mobler\/"},{"@type":"ListItem","position":3,"name":"fris\u00f6rstol Paketpris"}]},{"@type":"WebSite","@id":"https:\/\/masterfrisormobler.se\/#website","url":"https:\/\/masterfrisormobler.se\/","name":"https:\/\/masterfrisormobler.se\/","description":"Den b\u00e4sta butiken f\u00f6r att s\u00e4lja Fris\u00f6rm\u00f6bler och produkter.","publisher":{"@id":"https:\/\/masterfrisormobler.se\/#organization"},"potentialAction":[{"@type":"SearchAction","target":{"@type":"EntryPoint","urlTemplate":"https:\/\/masterfrisormobler.se\/?s={search_term_string}"},"query-input":"required name=search_term_string"}],"inLanguage":"en-US"},{"@type":"Organization","@id":"https:\/\/masterfrisormobler.se\/#organization","name":"Nord master fris\u00f6r mobler","url":"https:\/\/masterfrisormobler.se\/","logo":{"@type":"ImageObject","inLanguage":"en-US","@id":"https:\/\/masterfrisormobler.se\/#\/schema\/logo\/image\/","url":"https:\/\/masterfrisormobler.se\/wp-content\/uploads\/2023\/08\/cropped-512x512-sara.jpeg","contentUrl":"https:\/\/masterfrisormobler.se\/wp-content\/uploads\/2023\/08\/cropped-512x512-sara.jpeg","width":512,"height":512,"caption":"Nord master fris\u00f6r mobler"},"image":{"@id":"https:\/\/masterfrisormobler.se\/#\/schema\/logo\/image\/"},"sameAs":["https:\/\/www.facebook.com\/profile.php?id=100095573704473","https:\/\/www.tiktok.com\/@master.frisr.mble","https:\/\/www.instagram.com\/masterfrisormobler\/"]}]}},"_links":{"self":[{"href":"https:\/\/masterfrisormobler.se\/en\/wp-json\/wp\/v2\/product\/5660"}],"collection":[{"href":"https:\/\/masterfrisormobler.se\/en\/wp-json\/wp\/v2\/product"}],"about":[{"href":"https:\/\/masterfrisormobler.se\/en\/wp-json\/wp\/v2\/types\/product"}],"version-history":[{"count":3,"href":"https:\/\/masterfrisormobler.se\/en\/wp-json\/wp\/v2\/product\/5660\/revisions"}],"predecessor-version":[{"id":5941,"href":"https:\/\/masterfrisormobler.se\/en\/wp-json\/wp\/v2\/product\/5660\/revisions\/5941"}],"wp:featuredmedia":[{"embeddable":true,"href":"https:\/\/masterfrisormobler.se\/en\/wp-json\/wp\/v2\/media\/6165"}],"wp:attachment":[{"href":"https:\/\/masterfrisormobler.se\/en\/wp-json\/wp\/v2\/media?parent=5660"}],"wp:term":[{"taxonomy":"product_cat","embeddable":true,"href":"https:\/\/masterfrisormobler.se\/en\/wp-json\/wp\/v2\/product_cat?post=5660"},{"taxonomy":"product_tag","embeddable":true,"href":"https:\/\/masterfrisormobler.se\/en\/wp-json\/wp\/v2\/product_tag?post=5660"}],"curies":[{"name":"wp","href":"https:\/\/api.w.org\/{rel}","templated":true}]}}