{"id":4985,"date":"2023-08-10T22:57:59","date_gmt":"2023-08-10T22:57:59","guid":{"rendered":"https:\/\/masterfrisormobler.se\/?post_type=product&#038;p=4985"},"modified":"2024-08-17T09:04:14","modified_gmt":"2024-08-17T09:04:14","slug":"hartorkstall","status":"publish","type":"product","link":"https:\/\/masterfrisormobler.se\/en\/product\/hartorkstall\/","title":{"rendered":"H\u00e5rtorkst\u00e4ll"},"content":{"rendered":"<p>H\u00e5rtorkst\u00e4ll<\/p>\n<p>Denna h\u00e5rtorksh\u00e5llare \u00e4r en praktisk och m\u00e5ngsidig l\u00f6sning som passar perfekt i Fris\u00f6r slong . Den \u00e4r konstruerad f\u00f6r att ge en bekv\u00e4m plats att placera din h\u00e5rtork och hj\u00e4lper till att h\u00e5lla ditt utrymme v\u00e4lorganiserat. Med en enkel och smidig installation kan du snabbt och enkelt montera h\u00e5llaren p\u00e5 plats. Alla n\u00f6dv\u00e4ndiga monteringsdelar ing\u00e5r f\u00f6r att underl\u00e4tta installationsprocessen.<\/p>","protected":false},"excerpt":{"rendered":"<p><strong>H\u00e5rtorksst\u00e4llet \u00e4r en praktisk l\u00f6sning som \u00e4r idealisk f\u00f6r b\u00e5de fris\u00f6rsalonger . Det ger en s\u00e4ker och organiserad plats f\u00f6r att f\u00f6rvara h\u00e5rtorken.<\/strong><\/p>","protected":false},"featured_media":4986,"template":"","meta":{"site-sidebar-layout":"default","site-content-layout":"default","ast-site-content-layout":"default","site-content-style":"default","site-sidebar-style":"default","ast-global-header-display":"","ast-banner-title-visibility":"","ast-main-header-display":"","ast-hfb-above-header-display":"","ast-hfb-below-header-display":"","ast-hfb-mobile-header-display":"","site-post-title":"","ast-breadcrumbs-content":"","ast-featured-img":"","footer-sml-layout":"","theme-transparent-header-meta":"default","adv-header-id-meta":"","stick-header-meta":"","header-above-stick-meta":"","header-main-stick-meta":"","header-below-stick-meta":"","astra-migrate-meta-layouts":"set","_joinchat":[]},"product_cat":[61,73],"product_tag":[],"yoast_head":"<!-- This site is optimized with the Yoast SEO plugin v21.2 - https:\/\/yoast.com\/wordpress\/plugins\/seo\/ -->\n<title>H\u00e5rtorkst\u00e4ll - Nord Master Fris\u00f6r M\u00f6bler<\/title>\n<meta name=\"description\" content=\"H\u00e5rtorkst\u00e4ll\" \/>\n<meta name=\"robots\" content=\"index, follow, max-snippet:-1, max-image-preview:large, max-video-preview:-1\" \/>\n<link rel=\"canonical\" href=\"https:\/\/masterfrisormobler.se\/en\/product\/hartorkstall\/\" \/>\n<meta property=\"og:locale\" content=\"en_US\" \/>\n<meta property=\"og:type\" content=\"article\" \/>\n<meta property=\"og:title\" content=\"H\u00e5rtorkst\u00e4ll - Nord Master Fris\u00f6r M\u00f6bler\" \/>\n<meta property=\"og:description\" content=\"H\u00e5rtorkst\u00e4ll\" \/>\n<meta property=\"og:url\" content=\"https:\/\/masterfrisormobler.se\/en\/product\/hartorkstall\/\" \/>\n<meta property=\"og:site_name\" content=\"Nord Master Fris\u00f6r M\u00f6bler\" \/>\n<meta property=\"article:publisher\" content=\"https:\/\/www.facebook.com\/profile.php?id=100095573704473\" \/>\n<meta property=\"article:modified_time\" content=\"2024-08-17T09:04:14+00:00\" \/>\n<meta property=\"og:image\" content=\"https:\/\/masterfrisormobler.se\/wp-content\/uploads\/2023\/08\/hair-dryer-stand-holder-1_11zon.jpg\" \/>\n\t<meta property=\"og:image:width\" content=\"800\" \/>\n\t<meta property=\"og:image:height\" content=\"800\" \/>\n\t<meta property=\"og:image:type\" content=\"image\/jpeg\" \/>\n<meta name=\"twitter:card\" content=\"summary_large_image\" \/>\n<meta name=\"twitter:label1\" content=\"Est. reading time\" \/>\n\t<meta name=\"twitter:data1\" content=\"1 minute\" \/>\n<script type=\"application\/ld+json\" class=\"yoast-schema-graph\">{\"@context\":\"https:\/\/schema.org\",\"@graph\":[{\"@type\":\"WebPage\",\"@id\":\"https:\/\/masterfrisormobler.se\/product\/hartorkstall\/\",\"url\":\"https:\/\/masterfrisormobler.se\/product\/hartorkstall\/\",\"name\":\"H\u00e5rtorkst\u00e4ll - Nord Master Fris\u00f6r M\u00f6bler\",\"isPartOf\":{\"@id\":\"https:\/\/masterfrisormobler.se\/#website\"},\"datePublished\":\"2023-08-10T22:57:59+00:00\",\"dateModified\":\"2024-08-17T09:04:14+00:00\",\"description\":\"H\u00e5rtorkst\u00e4ll\",\"breadcrumb\":{\"@id\":\"https:\/\/masterfrisormobler.se\/product\/hartorkstall\/#breadcrumb\"},\"inLanguage\":\"en-US\",\"potentialAction\":[{\"@type\":\"ReadAction\",\"target\":[\"https:\/\/masterfrisormobler.se\/product\/hartorkstall\/\"]}]},{\"@type\":\"BreadcrumbList\",\"@id\":\"https:\/\/masterfrisormobler.se\/product\/hartorkstall\/#breadcrumb\",\"itemListElement\":[{\"@type\":\"ListItem\",\"position\":1,\"name\":\"Home\",\"item\":\"https:\/\/masterfrisormobler.se\/\"},{\"@type\":\"ListItem\",\"position\":2,\"name\":\"Store\",\"item\":\"https:\/\/masterfrisormobler.se\/store-master-frisor-mobler\/\"},{\"@type\":\"ListItem\",\"position\":3,\"name\":\"H\u00e5rtorkst\u00e4ll\"}]},{\"@type\":\"WebSite\",\"@id\":\"https:\/\/masterfrisormobler.se\/#website\",\"url\":\"https:\/\/masterfrisormobler.se\/\",\"name\":\"https:\/\/masterfrisormobler.se\/\",\"description\":\"Den b\u00e4sta butiken f\u00f6r att s\u00e4lja Fris\u00f6rm\u00f6bler och produkter.\",\"publisher\":{\"@id\":\"https:\/\/masterfrisormobler.se\/#organization\"},\"potentialAction\":[{\"@type\":\"SearchAction\",\"target\":{\"@type\":\"EntryPoint\",\"urlTemplate\":\"https:\/\/masterfrisormobler.se\/?s={search_term_string}\"},\"query-input\":\"required name=search_term_string\"}],\"inLanguage\":\"en-US\"},{\"@type\":\"Organization\",\"@id\":\"https:\/\/masterfrisormobler.se\/#organization\",\"name\":\"Nord master fris\u00f6r mobler\",\"url\":\"https:\/\/masterfrisormobler.se\/\",\"logo\":{\"@type\":\"ImageObject\",\"inLanguage\":\"en-US\",\"@id\":\"https:\/\/masterfrisormobler.se\/#\/schema\/logo\/image\/\",\"url\":\"https:\/\/masterfrisormobler.se\/wp-content\/uploads\/2023\/08\/cropped-512x512-sara.jpeg\",\"contentUrl\":\"https:\/\/masterfrisormobler.se\/wp-content\/uploads\/2023\/08\/cropped-512x512-sara.jpeg\",\"width\":512,\"height\":512,\"caption\":\"Nord master fris\u00f6r mobler\"},\"image\":{\"@id\":\"https:\/\/masterfrisormobler.se\/#\/schema\/logo\/image\/\"},\"sameAs\":[\"https:\/\/www.facebook.com\/profile.php?id=100095573704473\",\"https:\/\/www.tiktok.com\/@master.frisr.mble\",\"https:\/\/www.instagram.com\/masterfrisormobler\/\"]}]}<\/script>\n<!-- \/ Yoast SEO plugin. -->","yoast_head_json":{"title":"H\u00e5rtorkst\u00e4ll - Nord Master Fris\u00f6r M\u00f6bler","description":"H\u00e5rtorkst\u00e4ll","robots":{"index":"index","follow":"follow","max-snippet":"max-snippet:-1","max-image-preview":"max-image-preview:large","max-video-preview":"max-video-preview:-1"},"canonical":"https:\/\/masterfrisormobler.se\/en\/product\/hartorkstall\/","og_locale":"en_US","og_type":"article","og_title":"H\u00e5rtorkst\u00e4ll - Nord Master Fris\u00f6r M\u00f6bler","og_description":"H\u00e5rtorkst\u00e4ll","og_url":"https:\/\/masterfrisormobler.se\/en\/product\/hartorkstall\/","og_site_name":"Nord Master Fris\u00f6r M\u00f6bler","article_publisher":"https:\/\/www.facebook.com\/profile.php?id=100095573704473","article_modified_time":"2024-08-17T09:04:14+00:00","og_image":[{"width":800,"height":800,"url":"https:\/\/masterfrisormobler.se\/wp-content\/uploads\/2023\/08\/hair-dryer-stand-holder-1_11zon.jpg","type":"image\/jpeg"}],"twitter_card":"summary_large_image","twitter_misc":{"Est. reading time":"1 minute"},"schema":{"@context":"https:\/\/schema.org","@graph":[{"@type":"WebPage","@id":"https:\/\/masterfrisormobler.se\/product\/hartorkstall\/","url":"https:\/\/masterfrisormobler.se\/product\/hartorkstall\/","name":"H\u00e5rtorkst\u00e4ll - Nord Master Fris\u00f6r M\u00f6bler","isPartOf":{"@id":"https:\/\/masterfrisormobler.se\/#website"},"datePublished":"2023-08-10T22:57:59+00:00","dateModified":"2024-08-17T09:04:14+00:00","description":"H\u00e5rtorkst\u00e4ll","breadcrumb":{"@id":"https:\/\/masterfrisormobler.se\/product\/hartorkstall\/#breadcrumb"},"inLanguage":"en-US","potentialAction":[{"@type":"ReadAction","target":["https:\/\/masterfrisormobler.se\/product\/hartorkstall\/"]}]},{"@type":"BreadcrumbList","@id":"https:\/\/masterfrisormobler.se\/product\/hartorkstall\/#breadcrumb","itemListElement":[{"@type":"ListItem","position":1,"name":"Home","item":"https:\/\/masterfrisormobler.se\/"},{"@type":"ListItem","position":2,"name":"Store","item":"https:\/\/masterfrisormobler.se\/store-master-frisor-mobler\/"},{"@type":"ListItem","position":3,"name":"H\u00e5rtorkst\u00e4ll"}]},{"@type":"WebSite","@id":"https:\/\/masterfrisormobler.se\/#website","url":"https:\/\/masterfrisormobler.se\/","name":"https:\/\/masterfrisormobler.se\/","description":"Den b\u00e4sta butiken f\u00f6r att s\u00e4lja Fris\u00f6rm\u00f6bler och produkter.","publisher":{"@id":"https:\/\/masterfrisormobler.se\/#organization"},"potentialAction":[{"@type":"SearchAction","target":{"@type":"EntryPoint","urlTemplate":"https:\/\/masterfrisormobler.se\/?s={search_term_string}"},"query-input":"required name=search_term_string"}],"inLanguage":"en-US"},{"@type":"Organization","@id":"https:\/\/masterfrisormobler.se\/#organization","name":"Nord master fris\u00f6r mobler","url":"https:\/\/masterfrisormobler.se\/","logo":{"@type":"ImageObject","inLanguage":"en-US","@id":"https:\/\/masterfrisormobler.se\/#\/schema\/logo\/image\/","url":"https:\/\/masterfrisormobler.se\/wp-content\/uploads\/2023\/08\/cropped-512x512-sara.jpeg","contentUrl":"https:\/\/masterfrisormobler.se\/wp-content\/uploads\/2023\/08\/cropped-512x512-sara.jpeg","width":512,"height":512,"caption":"Nord master fris\u00f6r mobler"},"image":{"@id":"https:\/\/masterfrisormobler.se\/#\/schema\/logo\/image\/"},"sameAs":["https:\/\/www.facebook.com\/profile.php?id=100095573704473","https:\/\/www.tiktok.com\/@master.frisr.mble","https:\/\/www.instagram.com\/masterfrisormobler\/"]}]}},"_links":{"self":[{"href":"https:\/\/masterfrisormobler.se\/en\/wp-json\/wp\/v2\/product\/4985"}],"collection":[{"href":"https:\/\/masterfrisormobler.se\/en\/wp-json\/wp\/v2\/product"}],"about":[{"href":"https:\/\/masterfrisormobler.se\/en\/wp-json\/wp\/v2\/types\/product"}],"version-history":[{"count":3,"href":"https:\/\/masterfrisormobler.se\/en\/wp-json\/wp\/v2\/product\/4985\/revisions"}],"predecessor-version":[{"id":5844,"href":"https:\/\/masterfrisormobler.se\/en\/wp-json\/wp\/v2\/product\/4985\/revisions\/5844"}],"wp:featuredmedia":[{"embeddable":true,"href":"https:\/\/masterfrisormobler.se\/en\/wp-json\/wp\/v2\/media\/4986"}],"wp:attachment":[{"href":"https:\/\/masterfrisormobler.se\/en\/wp-json\/wp\/v2\/media?parent=4985"}],"wp:term":[{"taxonomy":"product_cat","embeddable":true,"href":"https:\/\/masterfrisormobler.se\/en\/wp-json\/wp\/v2\/product_cat?post=4985"},{"taxonomy":"product_tag","embeddable":true,"href":"https:\/\/masterfrisormobler.se\/en\/wp-json\/wp\/v2\/product_tag?post=4985"}],"curies":[{"name":"wp","href":"https:\/\/api.w.org\/{rel}","templated":true}]}}