{"id":4975,"date":"2023-08-10T22:13:05","date_gmt":"2023-08-10T22:13:05","guid":{"rendered":"https:\/\/masterfrisormobler.se\/?post_type=product&#038;p=4975"},"modified":"2025-03-24T13:39:00","modified_gmt":"2025-03-24T13:39:00","slug":"professionella-harklippare-passar-alla-harklippare-i-full-storlek","status":"publish","type":"product","link":"https:\/\/masterfrisormobler.se\/en\/product\/professionella-harklippare-passar-alla-harklippare-i-full-storlek\/","title":{"rendered":"h\u00e5rklippare, passar alla h\u00e5rklippare i full storlek"},"content":{"rendered":"<p>h\u00e5rklippare, passar alla h\u00e5rklippare i full storlek<\/p>\n<p>Egenskaper: En ny design med en h\u00f6gkvalitativ 8-delad h\u00e5rklippskam f\u00f6r att s\u00e4kert h\u00e5lla styrkammen. De rundade kamt\u00e4nderna anpassar sig till huvudets form f\u00f6r att f\u00f6rhindra obehag p\u00e5 h\u00e5rbotten och effektivt kontrollera h\u00e5rl\u00e4ngden. Tillverkad av h\u00f6gkvalitativt ABS-material, vilket g\u00f6r den s\u00e4ker, smakl\u00f6s, stabil och h\u00e5llbar. Med en design med h\u00e4ngande sp\u00e4nne \u00e4r den l\u00e4tt att montera och sitter stadigt p\u00e5 plats. Ett utm\u00e4rkt verktyg f\u00f6r klippning och fris\u00f6rarbete. Paketet inkluderar: 8x guidekammar Specifikationer: Material: ABS + metall Vikt: 205 gram Storlek: 1,5 mm, 3 mm, 4,5 mm, 6 mm, 10 mm, 13 mm, 16 mm, 19 mm F\u00e4rg: Enligt bilden Observera: 1. L\u00e5t 1-2 cm fel p\u00e5 grund av manuell m\u00e4tning. V\u00e4nligen se till att du har detta i \u00e5tanke innan du g\u00f6r din best\u00e4llning. 2. P\u00e5 grund av variationer i bildsk\u00e4rmsinst\u00e4llningar kan den faktiska f\u00e4rgen p\u00e5 objektet skilja sig fr\u00e5n bilden.<\/p>","protected":false},"excerpt":{"rendered":"<h1 class=\"sc-gEvEer jbINkw\">8 st professionella h\u00e5rklippare, passar alla h\u00e5rklippare i full storlek<\/h1>","protected":false},"featured_media":6255,"template":"","meta":{"site-sidebar-layout":"default","site-content-layout":"default","ast-site-content-layout":"default","site-content-style":"default","site-sidebar-style":"default","ast-global-header-display":"","ast-banner-title-visibility":"","ast-main-header-display":"","ast-hfb-above-header-display":"","ast-hfb-below-header-display":"","ast-hfb-mobile-header-display":"","site-post-title":"","ast-breadcrumbs-content":"","ast-featured-img":"","footer-sml-layout":"","theme-transparent-header-meta":"default","adv-header-id-meta":"","stick-header-meta":"","header-above-stick-meta":"","header-main-stick-meta":"","header-below-stick-meta":"","astra-migrate-meta-layouts":"set","_joinchat":[]},"product_cat":[61,73],"product_tag":[],"yoast_head":"<!-- This site is optimized with the Yoast SEO plugin v21.2 - https:\/\/yoast.com\/wordpress\/plugins\/seo\/ -->\n<title>h\u00e5rklippare, passar alla h\u00e5rklippare i full storlek - Nord Master Fris\u00f6r M\u00f6bler<\/title>\n<meta name=\"description\" content=\"h\u00e5rklippare, passar alla h\u00e5rklippare i full storlek\" \/>\n<meta name=\"robots\" content=\"index, follow, max-snippet:-1, max-image-preview:large, max-video-preview:-1\" \/>\n<link rel=\"canonical\" href=\"https:\/\/masterfrisormobler.se\/en\/product\/professionella-harklippare-passar-alla-harklippare-i-full-storlek\/\" \/>\n<meta property=\"og:locale\" content=\"en_US\" \/>\n<meta property=\"og:type\" content=\"article\" \/>\n<meta property=\"og:title\" content=\"h\u00e5rklippare, passar alla h\u00e5rklippare i full storlek - Nord Master Fris\u00f6r M\u00f6bler\" \/>\n<meta property=\"og:description\" content=\"h\u00e5rklippare, passar alla h\u00e5rklippare i full storlek\" \/>\n<meta property=\"og:url\" content=\"https:\/\/masterfrisormobler.se\/en\/product\/professionella-harklippare-passar-alla-harklippare-i-full-storlek\/\" \/>\n<meta property=\"og:site_name\" content=\"Nord Master Fris\u00f6r M\u00f6bler\" \/>\n<meta property=\"article:publisher\" content=\"https:\/\/www.facebook.com\/profile.php?id=100095573704473\" \/>\n<meta property=\"article:modified_time\" content=\"2025-03-24T13:39:00+00:00\" \/>\n<meta property=\"og:image\" content=\"https:\/\/masterfrisormobler.se\/wp-content\/uploads\/2023\/08\/8-st-professionella-harklippare-03-jpg2.jpeg\" \/>\n\t<meta property=\"og:image:width\" content=\"768\" \/>\n\t<meta property=\"og:image:height\" content=\"768\" \/>\n\t<meta property=\"og:image:type\" content=\"image\/jpeg\" \/>\n<meta name=\"twitter:card\" content=\"summary_large_image\" \/>\n<meta name=\"twitter:label1\" content=\"Est. reading time\" \/>\n\t<meta name=\"twitter:data1\" content=\"1 minute\" \/>\n<script type=\"application\/ld+json\" class=\"yoast-schema-graph\">{\"@context\":\"https:\/\/schema.org\",\"@graph\":[{\"@type\":\"WebPage\",\"@id\":\"https:\/\/masterfrisormobler.se\/product\/professionella-harklippare-passar-alla-harklippare-i-full-storlek\/\",\"url\":\"https:\/\/masterfrisormobler.se\/product\/professionella-harklippare-passar-alla-harklippare-i-full-storlek\/\",\"name\":\"h\u00e5rklippare, passar alla h\u00e5rklippare i full storlek - Nord Master Fris\u00f6r M\u00f6bler\",\"isPartOf\":{\"@id\":\"https:\/\/masterfrisormobler.se\/#website\"},\"datePublished\":\"2023-08-10T22:13:05+00:00\",\"dateModified\":\"2025-03-24T13:39:00+00:00\",\"description\":\"h\u00e5rklippare, passar alla h\u00e5rklippare i full storlek\",\"breadcrumb\":{\"@id\":\"https:\/\/masterfrisormobler.se\/product\/professionella-harklippare-passar-alla-harklippare-i-full-storlek\/#breadcrumb\"},\"inLanguage\":\"en-US\",\"potentialAction\":[{\"@type\":\"ReadAction\",\"target\":[\"https:\/\/masterfrisormobler.se\/product\/professionella-harklippare-passar-alla-harklippare-i-full-storlek\/\"]}]},{\"@type\":\"BreadcrumbList\",\"@id\":\"https:\/\/masterfrisormobler.se\/product\/professionella-harklippare-passar-alla-harklippare-i-full-storlek\/#breadcrumb\",\"itemListElement\":[{\"@type\":\"ListItem\",\"position\":1,\"name\":\"Home\",\"item\":\"https:\/\/masterfrisormobler.se\/\"},{\"@type\":\"ListItem\",\"position\":2,\"name\":\"Store\",\"item\":\"https:\/\/masterfrisormobler.se\/store-master-frisor-mobler\/\"},{\"@type\":\"ListItem\",\"position\":3,\"name\":\"h\u00e5rklippare, passar alla h\u00e5rklippare i full storlek\"}]},{\"@type\":\"WebSite\",\"@id\":\"https:\/\/masterfrisormobler.se\/#website\",\"url\":\"https:\/\/masterfrisormobler.se\/\",\"name\":\"https:\/\/masterfrisormobler.se\/\",\"description\":\"Den b\u00e4sta butiken f\u00f6r att s\u00e4lja Fris\u00f6rm\u00f6bler och produkter.\",\"publisher\":{\"@id\":\"https:\/\/masterfrisormobler.se\/#organization\"},\"potentialAction\":[{\"@type\":\"SearchAction\",\"target\":{\"@type\":\"EntryPoint\",\"urlTemplate\":\"https:\/\/masterfrisormobler.se\/?s={search_term_string}\"},\"query-input\":\"required name=search_term_string\"}],\"inLanguage\":\"en-US\"},{\"@type\":\"Organization\",\"@id\":\"https:\/\/masterfrisormobler.se\/#organization\",\"name\":\"Nord master fris\u00f6r mobler\",\"url\":\"https:\/\/masterfrisormobler.se\/\",\"logo\":{\"@type\":\"ImageObject\",\"inLanguage\":\"en-US\",\"@id\":\"https:\/\/masterfrisormobler.se\/#\/schema\/logo\/image\/\",\"url\":\"https:\/\/masterfrisormobler.se\/wp-content\/uploads\/2023\/08\/cropped-512x512-sara.jpeg\",\"contentUrl\":\"https:\/\/masterfrisormobler.se\/wp-content\/uploads\/2023\/08\/cropped-512x512-sara.jpeg\",\"width\":512,\"height\":512,\"caption\":\"Nord master fris\u00f6r mobler\"},\"image\":{\"@id\":\"https:\/\/masterfrisormobler.se\/#\/schema\/logo\/image\/\"},\"sameAs\":[\"https:\/\/www.facebook.com\/profile.php?id=100095573704473\",\"https:\/\/www.tiktok.com\/@master.frisr.mble\",\"https:\/\/www.instagram.com\/masterfrisormobler\/\"]}]}<\/script>\n<!-- \/ Yoast SEO plugin. -->","yoast_head_json":{"title":"h\u00e5rklippare, passar alla h\u00e5rklippare i full storlek - Nord Master Fris\u00f6r M\u00f6bler","description":"h\u00e5rklippare, passar alla h\u00e5rklippare i full storlek","robots":{"index":"index","follow":"follow","max-snippet":"max-snippet:-1","max-image-preview":"max-image-preview:large","max-video-preview":"max-video-preview:-1"},"canonical":"https:\/\/masterfrisormobler.se\/en\/product\/professionella-harklippare-passar-alla-harklippare-i-full-storlek\/","og_locale":"en_US","og_type":"article","og_title":"h\u00e5rklippare, passar alla h\u00e5rklippare i full storlek - Nord Master Fris\u00f6r M\u00f6bler","og_description":"h\u00e5rklippare, passar alla h\u00e5rklippare i full storlek","og_url":"https:\/\/masterfrisormobler.se\/en\/product\/professionella-harklippare-passar-alla-harklippare-i-full-storlek\/","og_site_name":"Nord Master Fris\u00f6r M\u00f6bler","article_publisher":"https:\/\/www.facebook.com\/profile.php?id=100095573704473","article_modified_time":"2025-03-24T13:39:00+00:00","og_image":[{"width":768,"height":768,"url":"https:\/\/masterfrisormobler.se\/wp-content\/uploads\/2023\/08\/8-st-professionella-harklippare-03-jpg2.jpeg","type":"image\/jpeg"}],"twitter_card":"summary_large_image","twitter_misc":{"Est. reading time":"1 minute"},"schema":{"@context":"https:\/\/schema.org","@graph":[{"@type":"WebPage","@id":"https:\/\/masterfrisormobler.se\/product\/professionella-harklippare-passar-alla-harklippare-i-full-storlek\/","url":"https:\/\/masterfrisormobler.se\/product\/professionella-harklippare-passar-alla-harklippare-i-full-storlek\/","name":"h\u00e5rklippare, passar alla h\u00e5rklippare i full storlek - Nord Master Fris\u00f6r M\u00f6bler","isPartOf":{"@id":"https:\/\/masterfrisormobler.se\/#website"},"datePublished":"2023-08-10T22:13:05+00:00","dateModified":"2025-03-24T13:39:00+00:00","description":"h\u00e5rklippare, passar alla h\u00e5rklippare i full storlek","breadcrumb":{"@id":"https:\/\/masterfrisormobler.se\/product\/professionella-harklippare-passar-alla-harklippare-i-full-storlek\/#breadcrumb"},"inLanguage":"en-US","potentialAction":[{"@type":"ReadAction","target":["https:\/\/masterfrisormobler.se\/product\/professionella-harklippare-passar-alla-harklippare-i-full-storlek\/"]}]},{"@type":"BreadcrumbList","@id":"https:\/\/masterfrisormobler.se\/product\/professionella-harklippare-passar-alla-harklippare-i-full-storlek\/#breadcrumb","itemListElement":[{"@type":"ListItem","position":1,"name":"Home","item":"https:\/\/masterfrisormobler.se\/"},{"@type":"ListItem","position":2,"name":"Store","item":"https:\/\/masterfrisormobler.se\/store-master-frisor-mobler\/"},{"@type":"ListItem","position":3,"name":"h\u00e5rklippare, passar alla h\u00e5rklippare i full storlek"}]},{"@type":"WebSite","@id":"https:\/\/masterfrisormobler.se\/#website","url":"https:\/\/masterfrisormobler.se\/","name":"https:\/\/masterfrisormobler.se\/","description":"Den b\u00e4sta butiken f\u00f6r att s\u00e4lja Fris\u00f6rm\u00f6bler och produkter.","publisher":{"@id":"https:\/\/masterfrisormobler.se\/#organization"},"potentialAction":[{"@type":"SearchAction","target":{"@type":"EntryPoint","urlTemplate":"https:\/\/masterfrisormobler.se\/?s={search_term_string}"},"query-input":"required name=search_term_string"}],"inLanguage":"en-US"},{"@type":"Organization","@id":"https:\/\/masterfrisormobler.se\/#organization","name":"Nord master fris\u00f6r mobler","url":"https:\/\/masterfrisormobler.se\/","logo":{"@type":"ImageObject","inLanguage":"en-US","@id":"https:\/\/masterfrisormobler.se\/#\/schema\/logo\/image\/","url":"https:\/\/masterfrisormobler.se\/wp-content\/uploads\/2023\/08\/cropped-512x512-sara.jpeg","contentUrl":"https:\/\/masterfrisormobler.se\/wp-content\/uploads\/2023\/08\/cropped-512x512-sara.jpeg","width":512,"height":512,"caption":"Nord master fris\u00f6r mobler"},"image":{"@id":"https:\/\/masterfrisormobler.se\/#\/schema\/logo\/image\/"},"sameAs":["https:\/\/www.facebook.com\/profile.php?id=100095573704473","https:\/\/www.tiktok.com\/@master.frisr.mble","https:\/\/www.instagram.com\/masterfrisormobler\/"]}]}},"_links":{"self":[{"href":"https:\/\/masterfrisormobler.se\/en\/wp-json\/wp\/v2\/product\/4975"}],"collection":[{"href":"https:\/\/masterfrisormobler.se\/en\/wp-json\/wp\/v2\/product"}],"about":[{"href":"https:\/\/masterfrisormobler.se\/en\/wp-json\/wp\/v2\/types\/product"}],"version-history":[{"count":3,"href":"https:\/\/masterfrisormobler.se\/en\/wp-json\/wp\/v2\/product\/4975\/revisions"}],"predecessor-version":[{"id":4979,"href":"https:\/\/masterfrisormobler.se\/en\/wp-json\/wp\/v2\/product\/4975\/revisions\/4979"}],"wp:featuredmedia":[{"embeddable":true,"href":"https:\/\/masterfrisormobler.se\/en\/wp-json\/wp\/v2\/media\/6255"}],"wp:attachment":[{"href":"https:\/\/masterfrisormobler.se\/en\/wp-json\/wp\/v2\/media?parent=4975"}],"wp:term":[{"taxonomy":"product_cat","embeddable":true,"href":"https:\/\/masterfrisormobler.se\/en\/wp-json\/wp\/v2\/product_cat?post=4975"},{"taxonomy":"product_tag","embeddable":true,"href":"https:\/\/masterfrisormobler.se\/en\/wp-json\/wp\/v2\/product_tag?post=4975"}],"curies":[{"name":"wp","href":"https:\/\/api.w.org\/{rel}","templated":true}]}}